{"id":26720,"date":"2017-09-28T08:57:38","date_gmt":"2017-09-28T06:57:38","guid":{"rendered":"http:\/\/pix.house\/?page_id=26720"},"modified":"2017-11-25T08:52:41","modified_gmt":"2017-11-25T07:52:41","slug":"xprint2017","status":"publish","type":"page","link":"https:\/\/pix.house\/en\/xprint2017\/","title":{"rendered":"XPRINT | 2017"},"content":{"rendered":"<div class=\"wpb-content-wrapper\"><div class=\"vc_row wpb_row section vc_row-fluid vc_custom_1508085123463 grid_section\" style='background-color:#ffffff; padding-top:90px; padding-bottom:100px; text-align:left;'><div class=\" section_inner clearfix\"><div class='section_inner_margin clearfix'><div class=\"wpb_column vc_column_container vc_col-sm-2\"><div class=\"vc_column-inner\"><div class=\"wpb_wrapper\"><\/div><\/div><\/div><div class=\"wpb_column vc_column_container vc_col-sm-8\"><div class=\"vc_column-inner\"><div class=\"wpb_wrapper\">\n\t<div class=\"wpb_single_image wpb_content_element vc_align_center\">\n\t\t<div class=\"wpb_wrapper\">\n\t\t\t\n\t\t\t<div class=\"vc_single_image-wrapper   vc_box_border_grey\"><img loading=\"lazy\" decoding=\"async\" width=\"1060\" height=\"182\" src=\"https:\/\/pix.house\/wp-content\/uploads\/2016\/10\/logo_xprint-1.jpg\" class=\"vc_single_image-img attachment-large\" alt=\"\" title=\"logo_xprint-1\" srcset=\"https:\/\/pix.house\/wp-content\/uploads\/2016\/10\/logo_xprint-1.jpg 1229w, https:\/\/pix.house\/wp-content\/uploads\/2016\/10\/logo_xprint-1-800x137.jpg 800w, https:\/\/pix.house\/wp-content\/uploads\/2016\/10\/logo_xprint-1-300x52.jpg 300w, https:\/\/pix.house\/wp-content\/uploads\/2016\/10\/logo_xprint-1-768x132.jpg 768w, https:\/\/pix.house\/wp-content\/uploads\/2016\/10\/logo_xprint-1-600x103.jpg 600w, https:\/\/pix.house\/wp-content\/uploads\/2016\/10\/logo_xprint-1-700x120.jpg 700w, https:\/\/pix.house\/wp-content\/uploads\/2016\/10\/logo_xprint-1-1100x189.jpg 1100w\" sizes=\"auto, (max-width: 1060px) 100vw, 1060px\" \/><\/div>\n\t\t<\/div>\n\t<\/div>\n\n\t<div class=\"wpb_text_column wpb_content_element \">\n\t\t<div class=\"wpb_wrapper\">\n\t\t\t\n\t\t<\/div> \n\t<\/div> \n\t<div class=\"wpb_text_column wpb_content_element \">\n\t\t<div class=\"wpb_wrapper\">\n\t\t\t<p><b>XPRINT \/ festiwal ksi\u0105\u017cek fotograficznych | <a href=\"http:\/\/pix.house\/xprint-2017-eng\/\" target=\"_blank\" rel=\"noopener\">ENGLISH VERSION HERE<\/a><\/b><\/p>\n<p><b><i>has\u0142o: d\u0142ugoterminowe strategie fotograficzne \/ long-term projects<\/i><\/b><\/p>\n<p style=\"text-align: justify;\"><span style=\"font-weight: 400;\">W drugiej edycji festiwalu ksi\u0105\u017cek fotograficznych XPRINT przygl\u0105damy si\u0119 dzia\u0142aniom na polu fotograficznych publikacji, kt\u00f3re wymagaj\u0105 <strong>czasu<\/strong>. Czasu, jaki w obszarze fotograficznego dokumentu b\u0119dzie pozwala\u0142 na weryfikowanie wst\u0119pnych za\u0142o\u017ce\u0144, na zmiany pierwotnie obranych strategii analizowania otaczaj\u0105cego \u015bwiata, na budowanie wizualnych opowie\u015bci o problemach podlegaj\u0105cych zmianom, albo na podejmowanie pr\u00f3b wyja\u015bnienia rzeczywisto\u015bci w oparciu o osobiste relacje, budowane przez fotograf\u00f3w konsekwentnie, \u015bwiadomie i wielokrotnie. Takie w\u0142a\u015bnie d\u0142ugoterminowe dzia\u0142ania dokumentalne, zdaj\u0105 si\u0119 w naturalny spos\u00f3b korzysta\u0107 z medium, jakim jest fotograficzna ksi\u0105\u017cka. W obszarze edycji, redakcji i dzia\u0142a\u0144 kuratorskich, czas o jakim chcemy opowiedzie\u0107 daje szans\u0119 rozwin\u0105\u0107 si\u0119 pewnym ideom. To czas gwarantuj\u0105cy dystans. Dzi\u0119ki niemu ocena i interpretacja zdarze\u0144 (tych historycznych, ze \u015bwiata fotografii, wydawnictw, czy sztuki) nabiera nowych znacze\u0144 przez sam fakt poddawania ich ponownej interpretacji. Staramy si\u0119 wi\u0119c pokaza\u0107 takie obszary \u015bwiata ksi\u0105\u017cek fotograficznych, kt\u00f3re musz\u0105, na ka\u017cdym etapie \u2013 fotografowania, edycji i projektowania \u2013 dojrzewa\u0107 d\u0142u\u017cej.<\/span><\/p>\n\n\t\t<\/div> \n\t<\/div> \n\t<div class=\"wpb_text_column wpb_content_element \">\n\t\t<div class=\"wpb_wrapper\">\n\t\t\t<h4 style=\"text-align: justify;\"><strong>TERMINY:\u00a0<\/strong><\/h4>\n<p style=\"text-align: justify;\">24.11 &#8211; 26.11.2017 &#8211;<strong>\u00a0g\u0142\u00f3wne wydarzenia festiwalowe<\/strong><\/p>\n<p>14.11 &#8211; 10.12.2017 &#8211; wystawa <strong>Martina Parra i Rimaldasa Vik\u0161raitisa &#8222;The Real World&#8221;<\/strong>\u00a0w Galerii Miejskiej Arsena\u0142<\/p>\n<p>24.11 &#8211; 08.12.2017 &#8211; wystawa\u00a0<b><i>[Niekompletny] spis rzeczy<\/i><\/b><b> \/ Sputnik Photos\u00a0<\/b>w galerii PIX.HOUSE<\/p>\n<p>&nbsp;<\/p>\n<h4 style=\"text-align: justify;\"><strong>MIEJSCA:\u00a0<\/strong><\/h4>\n<p><b>Galeria Miejska Arsena\u0142 <\/b>Stary Rynek 6 61-772 Pozna\u0144 <a href=\"http:\/\/www.arsenal.art.pl\">http:\/\/www.arsenal.art.pl<\/a><\/p>\n<p><b>Galeria PIX.HOUSE <\/b>ul. G\u0142ogowska 35a 60-101 Pozna\u0144 <a href=\"http:\/\/www.pix.house\">www.pix.house\u00a0\u00a0<\/a>(13.00 &#8211; 18.00)<\/p>\n<p><b>Ksi\u0119garnia | czytelnia\u00a0 PIX.HOUSE\u00a0<\/b>ul. G\u0142ogowska 35a 60-101 Pozna\u0144 (13.00 &#8211; 18.00)<\/p>\n<p><b>Galeria SKALA <\/b>ul. \u015awi\u0119ty Marcin 49a, Pozna\u0144\u00a0<a href=\"http:\/\/galeriaskala.com\/galeria\/\" target=\"_blank\" rel=\"noopener\">http:\/\/galeriaskala.com\/galeria\/\u00a0<\/a>(12.00 &#8211; 18.00)<\/p>\n<p><b>Ostr\u00f8v <\/b>ul. \u015bw. Marcin 25 61-804 Pozna\u0144 <a href=\"https:\/\/www.facebook.com\/Ostrov.books\/\" target=\"_blank\" rel=\"noopener\">https:\/\/www.facebook.com\/Ostrov.books\/<\/a><\/p>\n<p><b>Katedra Fotografii UAP w Poznaniu<\/b> ul. 23 lutego 20 61-742 Pozna\u0144 <a href=\"http:\/\/www.fotografia.uap.edu.pl\">www.fotografia.uap.edu.pl<\/a><\/p>\n<p><b>School of Form <\/b>ul. G\u0142ogowska 18 60-734 Pozna\u0144, MTP, hala nr 1 <a href=\"http:\/\/www.sof.edu.pl\">www.sof.edu.pl<\/a><\/p>\n\n\t\t<\/div> \n\t<\/div> <div class=\"separator  transparent   \" style=\"border-width:1px;margin-top:65px;margin-bottom:0px\"><\/div>\n<div class='q_progress_bar'><h4 class='progress_title_holder clearfix' style='color: #393939;'><span class='progress_title'>wystawy fotografii <\/span><span class='progress_number without_mark' style='color: #393939;'><span>0<\/span><\/span><\/h4><div class='progress_content_outer' style=''><div data-percentage='5' class='progress_content' style=''><\/div><\/div><\/div><div class=\"separator  transparent   \" style=\"border-width:1px;margin-top:40px;margin-bottom:0px\"><\/div>\n<div class='q_progress_bar'><h4 class='progress_title_holder clearfix' style='color: #393939;'><span class='progress_title'>wystawy ksi\u0105\u017cek fotograficznych<\/span><span class='progress_number without_mark' style=''><span>0<\/span><\/span><\/h4><div class='progress_content_outer' style=''><div data-percentage='12' class='progress_content' style=''><\/div><\/div><\/div><div class=\"separator  transparent   \" style=\"border-width:1px;margin-top:33px;margin-bottom:0px\"><\/div>\n<div class='q_progress_bar'><h4 class='progress_title_holder clearfix' style='color: #393939;'><span class='progress_title'>wyk\u0142ady zaproszonych go\u015bci wok\u00f3\u0142 ksi\u0105\u017cek fotograficznych<\/span><span class='progress_number without_mark' style='color: #393939;'><span>0<\/span><\/span><\/h4><div class='progress_content_outer' style=''><div data-percentage='10' class='progress_content' style=''><\/div><\/div><\/div><div class=\"separator  transparent   \" style=\"border-width:1px;margin-top:40px;margin-bottom:0px\"><\/div>\n<div class='q_progress_bar'><h4 class='progress_title_holder clearfix' style='color: #393939;'><span class='progress_title'>dyskusje \/ warsztaty \/ wydarzenia towarzysz\u0105ce<\/span><span class='progress_number without_mark' style='color: #393939;'><span>0<\/span><\/span><\/h4><div class='progress_content_outer' style=''><div data-percentage='5' class='progress_content' style=''><\/div><\/div><\/div><\/div><\/div><\/div><div class=\"wpb_column vc_column_container vc_col-sm-2\"><div class=\"vc_column-inner\"><div class=\"wpb_wrapper\"><\/div><\/div><\/div><\/div><\/div><\/div><div     class=\"vc_row wpb_row section vc_row-fluid vc_custom_1508086357399 grid_section\" style='background-color:#f5f5f5; padding-top:50px; padding-bottom:50px; text-align:left;'><div class=\" section_inner clearfix\"><div class='section_inner_margin clearfix'><div class=\"wpb_column vc_column_container vc_col-sm-12\"><div class=\"vc_column-inner\"><div class=\"wpb_wrapper\">\n\t<div class=\"wpb_text_column wpb_content_element \">\n\t\t<div class=\"wpb_wrapper\">\n\t\t\t<h2>_\u00a0SZCZEG\u00d3\u0141OWY PROGRAM<\/h2>\n\n\t\t<\/div> \n\t<\/div> \n\t<div class=\"wpb_text_column wpb_content_element \">\n\t\t<div class=\"wpb_wrapper\">\n\t\t\t<p><b>14\/11 \u2013 10\/12<\/b><\/p>\n<p>wystawa\u00a0<strong><i>The Real World <\/i><\/strong><span style=\"font-weight: 400;\">\/ Martin Parr, Rimaldas Vik\u0161raitis \u2013 Galeria Miejska Arsena\u0142<\/span><\/p>\n<p>&nbsp;<\/p>\n<p><b>24\/11 pi\u0105tek<\/b><\/p>\n<p><span style=\"font-weight: 400;\">15.00 \u2013 17.00 <\/span> <strong>Dyskusja. Obrazy co mog\u0105. Jak dokumentali\u015bci my\u015bl\u0105 o zmianie?\u00a0<\/strong><span style=\"font-weight: 400;\">Maciej Fr\u0105ckowiak, prof. Rafa\u0142 Drozdowski, Bogus\u0142aw Biegowski \u2013 czytelnia PIX.HOUSE<\/span><\/p>\n<p><span style=\"font-weight: 400;\">17.00 \u2013 18.00<\/span> <strong>Otwarcie festiwalu, wernisa\u017c wystawy <i>[Niekompletny] spis rzeczy<\/i><\/strong><span style=\"font-weight: 400;\"> Sputnik Photos \u2013 galeria PIX.HOUSE<\/span><\/p>\n<p><span style=\"font-weight: 400;\">18.00 \u2013 19.00<\/span> <strong><i>BOOKI<\/i><\/strong><span style=\"font-weight: 400;\"> wystawa przygotowana przez Katedr\u0119 Fotografii UAP w Poznaniu \u2013 Galeria SKALA<\/span><\/p>\n<p><span style=\"font-weight: 400;\">19.00 \u2013 20.00<\/span> <span style=\"font-weight: 400;\">Otwarcie wystawy <\/span><strong><i>Making of<\/i><\/strong><span style=\"font-weight: 400;\"><strong> Weronika Krawczuk<\/strong> \u2013 Ostr\u00f8v<\/span><\/p>\n<p>&nbsp;<\/p>\n<p><b>25\/11 sobota<\/b><\/p>\n<p><span style=\"font-weight: 400;\">09.00 \u2013 16.00 <\/span> <strong><i>Zdj\u0119cie. Narracja. Ksi\u0105\u017cka<\/i><\/strong><span style=\"font-weight: 400;\"> \u2013 warsztat projektowania publikacji autorskiej\u00a0<\/span><span style=\"font-weight: 400;\">prowadz\u0105cy: Honza Zamojski \u2013 <\/span><span style=\"font-weight: 400;\">Katedra Fotografii UAP w Poznaniu<\/span><\/p>\n<p><span style=\"font-weight: 400;\">09.00 \u2013 12.00<\/span> <span style=\"font-weight: 400;\"><strong>Przegl\u0105d \u015aniadaniowy<\/strong> \u2013 Biblioteka i Archiwum Katedry Fotografii UAP<\/span><\/p>\n<p>&nbsp;<\/p>\n<p><strong>Spotkania w Galerii Miejskiej Arsena\u0142:<\/strong><\/p>\n<p><span style=\"font-weight: 400;\">11.00 \u2013 12.00 <\/span> <span style=\"font-weight: 400;\"><strong>Dyskusja. Ksi\u0105\u017cka jako proces.<\/strong> Damian Chrobak, Joanna Kinowska, Adrian Wykrota.<\/span><\/p>\n<p><span style=\"font-weight: 400;\">12.00 \u2013 13.00<\/span> <span style=\"font-weight: 400;\">Micha\u0142 \u0141uczak<\/span><\/p>\n<p><span style=\"font-weight: 400;\">13.15 \u2013 14.15<\/span> <span style=\"font-weight: 400;\">Rafa\u0142 Milach <\/span><\/p>\n<p><span style=\"font-weight: 400;\">14.30 \u2013 15.30<\/span> <span style=\"font-weight: 400;\">Rimaldas Vik\u0161raitis<\/span><\/p>\n<p><span style=\"font-weight: 400;\">17.00 \u2013 18.00<\/span> <span style=\"font-weight: 400;\">Filip Springer<\/span><\/p>\n<p><span style=\"font-weight: 400;\">18.15 \u2013 19.15<\/span> <span style=\"font-weight: 400;\">Ania Na\u0142\u0119cka-Milach<\/span><\/p>\n<p>&nbsp;<\/p>\n<p style=\"text-align: justify;\"><b>26\/11 niedziela<\/b><\/p>\n<p><span style=\"font-weight: 400;\">09.00 \u2013 12.00<\/span> <span style=\"font-weight: 400;\"><strong>wyk\u0142ad otwarty<\/strong>, koordynacja: Bianka Rolando \u2013 School of Form<\/span><\/p>\n<p>&nbsp;<\/p>\n<p><strong>Spotkania w Galerii Miejskiej Arsena\u0142:<\/strong><\/p>\n<p><span style=\"font-weight: 400;\">12.00 \u2013 13.00<\/span> Adam Lach<\/p>\n<p><span style=\"font-weight: 400;\">13.15 \u2013 14.15<\/span> <span style=\"font-weight: 400;\">Maksymilian i Magdalena Rigamonti<\/span><\/p>\n<p><span style=\"font-weight: 400;\">14.30 \u2013 15.30<\/span> <span style=\"font-weight: 400;\">Martin Parr<\/span><\/p>\n<p><span style=\"font-weight: 400;\">17.00 \u2013 18.00<\/span> Piotr W\u00f3jcik i Dominique Roynette \/ Gazeta Magazyn<\/p>\n<p><span style=\"font-weight: 400;\">18.15 \u2013 19.15<\/span> <span style=\"font-weight: 400;\">Micha\u0142 Szlaga <\/span><\/p>\n\n\t\t<\/div> \n\t<\/div> <\/div><\/div><\/div><\/div><\/div><\/div><div     class=\"vc_row wpb_row section vc_row-fluid vc_custom_1508568884381 grid_section\" style='background-color:#ffffff; padding-top:50px; padding-bottom:50px; text-align:left;'><div class=\" section_inner clearfix\"><div class='section_inner_margin clearfix'><div class=\"wpb_column vc_column_container vc_col-sm-12\"><div class=\"vc_column-inner\"><div class=\"wpb_wrapper\">\n\t<div class=\"wpb_text_column wpb_content_element \">\n\t\t<div class=\"wpb_wrapper\">\n\t\t\t<h2>_\u00a0ZA\u0141O\u017bENIA FESTIWALU<\/h2>\n\n\t\t<\/div> \n\t<\/div> \n\t<div class=\"wpb_text_column wpb_content_element \">\n\t\t<div class=\"wpb_wrapper\">\n\t\t\t<p style=\"text-align: justify;\"><span style=\"font-weight: 400;\">Centralnym punktem festiwalu jest <\/span><b>cykl spotka\u0144 po\u0142\u0105czony z wystaw\u0105 fotografii Martina Parra i Rimaldasa Vik\u0161raitisa <\/b><b><i>The Real World<\/i><\/b><b>. <\/b><\/p>\n<p style=\"text-align: justify;\"><span style=\"font-weight: 400;\">W Galerii Miejskiej Arsena\u0142 <\/span><b>mi\u0119dzy 14 listopada a 10 grudnia 2017<\/b><span style=\"font-weight: 400;\"> prezentujemy przekrojow\u0105 wystaw\u0119 <\/span><b><i>The Real World<\/i><\/b><span style=\"font-weight: 400;\"> \u2013 zestawiaj\u0105c\u0105 fotografie Martina Parra (z cykli <\/span><i><span style=\"font-weight: 400;\">The Last Resort, Small World<\/span><\/i><span style=\"font-weight: 400;\">) z pracami litewskiego tw\u00f3rcy \u2013 Rimaldasa Vik\u0161raitisa (<\/span><i><span style=\"font-weight: 400;\">Grimaces of the Weary Village<\/span><\/i><span style=\"font-weight: 400;\">). Wystawa ta, oryginalnie przygotowana przez Gintarasa \u010cesonisa kuratora Kaunas Photography Gallery, prezentowana by\u0142a dotychczas w Kownie, Wiedniu, Mi\u0144sku i Tbilisi. Konfrontacja prac jednego z najwa\u017cniejszych wsp\u00f3\u0142czesnych fotograf\u00f3w, cz\u0142onka agencji Magnum, wydawcy, kolekcjonera i autorytetu w zakresie ksi\u0105\u017cek fotograficznych \u2013 Martina Parra, z bardzo silnymi, graficznymi pracami Rimaldasa Vik\u0161raitisa, portretuj\u0105cymi litewsk\u0105 prowincj\u0119 \u2013 to narracja traktuj\u0105ca spo\u0142eczn\u0105 codzienno\u015b\u0107 w tyle osobisty, co bezlitosny spos\u00f3b. Obaj autorzy b\u0119d\u0105 go\u015b\u0107mi festiwalu. W ramach spotka\u0144 odbywaj\u0105cych si\u0119 w Galerii Miejskiej Arsena\u0142 <\/span><b>25 i 26 listopada<\/b><span style=\"font-weight: 400;\"> opowiedz\u0105 o swojej pracy i zaprezentuj\u0105 wybrane publikacje.<\/span><\/p>\n<p style=\"text-align: justify;\"><span style=\"font-weight: 400;\">W\u0142a\u015bnie podczas spotka\u0144<\/span><b> w Galerii Miejskiej Arsena\u0142, 25 i 26 listopada<\/b><span style=\"font-weight: 400;\">, zaproszeni go\u015bcie \u2013 uznane osobisto\u015bci polskiego i europejskiego \u015bwiata fotografii dokumentalnej, wydawcy i kuratorzy, opowiedz\u0105 o w\u0142asnych strategiach pracy z ksi\u0105\u017ck\u0105 fotograficzn\u0105 i przygotuj\u0105 niewielkie ekspozycje publikacji. Dziesi\u0119\u0107 otwartych spotka\u0144 zape\u0142ni weekend festiwalowy, pozwol\u0105 one skonfrontowa\u0107 postawy reprezentowane przez naszych go\u015bci, przejrze\u0107 ksi\u0105\u017cki jakie przygotuj\u0105 dla zilustrowania swoich za\u0142o\u017ce\u0144 tw\u00f3rczych lub edytorskich i por\u00f3wna\u0107 sposoby pracy nad fotograficznymi publikacjami posiadaj\u0105cymi jeden wsp\u00f3lny aspekt \u2013 d\u0142ugotrwa\u0142ej analizy pewnej rzeczywisto\u015bci. Go\u015b\u0107mi specjalnymi festiwalu jest kolektyw <strong>Sputnik Photos<\/strong>, poza wyk\u0142adami fotograf\u00f3w i spotkaniem z Ani\u0105 Na\u0142\u0119ck\u0105-Milach, odpowiedzialn\u0105 za projekty ksi\u0105\u017cek kolektywu, w galerii PIX.HOUSE prezentujemy wystaw\u0119 oscyluj\u0105c\u0105 wok\u00f3\u0142 ksi\u0105\u017cki <\/span><i><span style=\"font-weight: 400;\"><strong>[Niekompletny] spis rzeczy<\/strong>, <\/span><\/i><span style=\"font-weight: 400;\">kuratorowan\u0105 przez Rafa\u0142a Milacha<\/span><i><span style=\"font-weight: 400;\">. <\/span><\/i><\/p>\n<p style=\"text-align: justify;\"><span style=\"font-weight: 400;\">Za przygotowanie autonomicznych wystaw, szereg dzia\u0142a\u0144 promocyjnych i edukacyjnych odpowiedzialni s\u0105 partnerzy: Katedra Fotografii Uniwersytetu Artystycznego w Poznaniu, School of Form, Ostr\u00f8v. W ramach promocji nowej specjalno\u015bci uruchamianej przez Katedr\u0119 Fotografii UAP o nazwie Fotografia Edytorska, 25 listopada Honza Zamojski przeprowadzi warsztaty projektowe. Ponadto, Katedra Fotografii UAP organizuje wystaw\u0119 <\/span><i><span style=\"font-weight: 400;\">Booki<\/span><\/i><span style=\"font-weight: 400;\"> w Galerii Skala, wernisa\u017c w pi\u0105tek, 24 listopada. W sobotni poranek, 25\/11 w bibliotece Katedry Fotografii mo\u017cna zapozna\u0107 si\u0119 z magazynem COMO. Niezale\u017cna czytelnia \u2013 Ostr\u00f8v \u2013 realizuje w\u0142asn\u0105 ekspozycj\u0119 analizuj\u0105c\u0105 proces powstawania publikacji dokumentalnej Weroniki Krawczuk (wernisa\u017c 24 listopada). School of Form w niedziel\u0119 rano (26\/11) zaprasza na otwarte spotkanie problematyzuj\u0105ce metody budowania narracji w publikacjach u\u017cywaj\u0105cych medi\u00f3w wizualnych, wyk\u0142ad prowadzi Bianka Rolando.<\/span><\/p>\n\n\t\t<\/div> \n\t<\/div> <\/div><\/div><\/div><\/div><\/div><\/div><div     class=\"vc_row wpb_row section vc_row-fluid \" style=' text-align:left;'><div class=\" full_section_inner clearfix\"><div class=\"wpb_column vc_column_container vc_col-sm-12\"><div class=\"vc_column-inner\"><div class=\"wpb_wrapper\"><div class='qode_image_gallery_no_space dark highlight_active'><div class='qode_image_gallery_holder' style='height: 600px;'><ul><li><div style=\"height: 600px; width:750px;\"><img decoding=\"async\" src=\"https:\/\/pix.house\/wp-content\/uploads\/2017\/09\/1_New-Brighton_-England_-UK-From-the-series-_The-Last-Resort_-1983-85-\u00a9-Martin-Parr-_-Magnum-Photos.jpg\" alt=\"\" \/><\/div><\/li><li><div style=\"height: 600px; width:741px;\"><img decoding=\"async\" src=\"https:\/\/pix.house\/wp-content\/uploads\/2017\/09\/2_New-Brighton_-England_-UK-From-the-series-_The-Last-Resort_-1983-85-\u00a9-Martin-Parr-_-Magnum-Photos.jpg\" alt=\"\" \/><\/div><\/li><li><div style=\"height: 600px; width:739px;\"><img decoding=\"async\" src=\"https:\/\/pix.house\/wp-content\/uploads\/2017\/09\/3_New-Brighton_-England_-UK-From-the-series-_The-Last-Resort_-1983-85-\u00a9-Martin-Parr-_-Magnum-Photos.jpg\" alt=\"\" \/><\/div><\/li><li><div style=\"height: 600px; width:800px;\"><img decoding=\"async\" src=\"https:\/\/pix.house\/wp-content\/uploads\/2017\/09\/245_Rimaldas_Viksraitis.jpg\" alt=\"\" \/><\/div><\/li><li><div style=\"height: 600px; width:514px;\"><img decoding=\"async\" src=\"https:\/\/pix.house\/wp-content\/uploads\/2017\/09\/248_Rimaldas_Viksraitis.jpg\" alt=\"\" \/><\/div><\/li><li><div style=\"height: 600px; width:774px;\"><img decoding=\"async\" src=\"https:\/\/pix.house\/wp-content\/uploads\/2017\/09\/255_Rimaldas_Viksraitis.jpg\" alt=\"\" \/><\/div><\/li><\/ul><\/div><div class=\"controls\"><a class=\"prev-slide\" href=\"#\"><span class=\"arrow_carrot-left\"><\/span><\/a><a class=\"next-slide\" href=\"#\"><span class=\"arrow_carrot-right\"><\/span><\/a><\/div><\/div>\n\t<div class=\"wpb_text_column wpb_content_element \">\n\t\t<div class=\"wpb_wrapper\">\n\t\t\t<p style=\"text-align: center;\">fot.\u00a0<strong>Martin Parr \/ Rimaldas Vik\u0161raitis<\/strong><\/p>\n\n\t\t<\/div> \n\t<\/div> <div class='qode_image_gallery_no_space dark highlight_active'><div class='qode_image_gallery_holder' style='height: 600px;'><ul><li><div style=\"height: 600px; width:1185px;\"><img decoding=\"async\" src=\"https:\/\/pix.house\/wp-content\/uploads\/2017\/09\/dz0xNDAwJmg9NzEw_src_139320-Stracone-terytoria.-Niekompletny-spis-rzeczy.jpg\" alt=\"\" \/><\/div><\/li><li><div style=\"height: 600px; width:851px;\"><img decoding=\"async\" src=\"https:\/\/pix.house\/wp-content\/uploads\/2017\/09\/pol_pl_-Niekompletny-spis-rzeczy-23824_4.jpg\" alt=\"\" \/><\/div><\/li><\/ul><\/div><div class=\"controls\"><a class=\"prev-slide\" href=\"#\"><span class=\"arrow_carrot-left\"><\/span><\/a><a class=\"next-slide\" href=\"#\"><span class=\"arrow_carrot-right\"><\/span><\/a><\/div><\/div>\n\t<div class=\"wpb_text_column wpb_content_element \">\n\t\t<div class=\"wpb_wrapper\">\n\t\t\t<p style=\"text-align: center;\"><strong>Sputnik Photos \/ [Niekompletny] spis rzeczy\u00a0<\/strong><\/p>\n\n\t\t<\/div> \n\t<\/div> <\/div><\/div><\/div><\/div><\/div><div     class=\"vc_row wpb_row section vc_row-fluid  grid_section\" style='background-color:#f5f5f5; padding-top:50px; padding-bottom:50px; text-align:left;'><div class=\" section_inner clearfix\"><div class='section_inner_margin clearfix'><div class=\"wpb_column vc_column_container vc_col-sm-12\"><div class=\"vc_column-inner\"><div class=\"wpb_wrapper\">\n\t<div class=\"wpb_text_column wpb_content_element \">\n\t\t<div class=\"wpb_wrapper\">\n\t\t\t<h2>_ <b>Spotkania i ekspozycje ksi\u0105\u017cek fotograficznych\u00a0<\/b><\/h2>\n\n\t\t<\/div> \n\t<\/div> \n\t<div class=\"wpb_text_column wpb_content_element \">\n\t\t<div class=\"wpb_wrapper\">\n\t\t\t<p style=\"text-align: justify;\">25 \u00a0\u2013 26 listopada 2017\u00a0 |\u00a0Galeria Miejska Arsena\u0142<\/p>\n<p>&nbsp;<\/p>\n<p style=\"text-align: justify;\"><b>Go\u015b\u0107mi zaproszonymi do poprowadzenia spotka\u0144 i przygotowania selekcji publikacji fotograficznych b\u0119d\u0105:<\/b><\/p>\n<p>&nbsp;<\/p>\n<p style=\"text-align: justify;\"><b>Kolektyw Sputnik Photos<\/b><\/p>\n<p style=\"text-align: justify;\">spotkania z<b> Micha\u0142em \u0141uczakiem, Rafa\u0142em Milachem i Ani\u0105 Na\u0142\u0119ck\u0105-Milach<\/b><\/p>\n<p style=\"text-align: justify;\"><a href=\"http:\/\/www.sputnikphotos.com\"><b>www.sputnikphotos.com<\/b><\/a><\/p>\n<p style=\"text-align: justify;\"><span style=\"font-weight: 400;\">Sputnik Photos to mi\u0119dzynarodowy kolektyw powsta\u0142y w 2006 roku, skupiaj\u0105cy fotograf\u00f3w dokumentalnych z Europy \u015brodkowo-wschodniej, zainteresowanych wsp\u00f3\u0142czesn\u0105 codzienno\u015bci\u0105 teren\u00f3w wchodz\u0105cych w sk\u0142ad by\u0142ego Zwi\u0105zku Radzieckiego i satelitarnych republik ZSRR. Cz\u0142onkowie kolektywu to wa\u017cne postacie w \u015bwiecie fotograficznego dokumentu, zdobywcy presti\u017cowych nagr\u00f3d, autorzy kilkudziesi\u0119ciu wsp\u00f3lnych wystaw prezentowanych na ca\u0142ym \u015bwiecie. Szczeg\u00f3lnym medium s\u0142u\u017c\u0105cym budowaniu wizualnych wypowiedzi Sputnik Photos, s\u0105 ksi\u0105\u017cki fotograficzne, \u0142\u0105cz\u0105ce dopracowane narracje fotograf\u00f3w i pisarzy, oparte na d\u0142ugotrwa\u0142ej pracy w terenie \u2013 z bezkompromisow\u0105 opraw\u0105 edytorsk\u0105 i graficzn\u0105. Ksi\u0105\u017cki Sputnik Photos s\u0105 wa\u017cn\u0105 cz\u0119\u015bci\u0105 wsp\u00f3\u0142czesnej fotografii europejskiej.<\/span><\/p>\n<p style=\"text-align: justify;\"><span style=\"font-weight: 400;\">Sputnik Photos tworz\u0105: Andrej Balco, Jan Brykczy\u0144ski, Andrei Liankevich, Micha\u0142 \u0141uczak, Rafa\u0142 Milach, Adam Pa\u0144czuk, Agnieszka Rayss. Kolektyw reprezentowany jest na festiwalu XPRINT przez Micha\u0142a \u0141uczaka i Rafa\u0142a Milacha. Opr\u00f3cz fotograf\u00f3w, komentarz do pracy nad publikacjami przedstawi Ania Na\u0142\u0119cka-Milach, jedna z najwa\u017cniejszych projektantek ksi\u0105\u017cek fotograficznych w Polsce, odpowiedzialna za publikacje Sputnik Photos. Elementem specjalnego pokazu kolektywu jest grupowa wystawa <\/span><i><span style=\"font-weight: 400;\">[Niekompletny] spis rzeczy<\/span><\/i><span style=\"font-weight: 400;\"> przygotowana przez Rafa\u0142a Milacha, do obejrzenia w Galerii PIX.HOUSE.<\/span><\/p>\n<p style=\"text-align: justify;\"><b>Micha\u0142 \u0141uczak<\/b><\/p>\n<p style=\"text-align: justify;\"><b>spotkanie: sobota 25\/11 godzina 12:00<\/b><\/p>\n<p style=\"text-align: justify;\"><a href=\"http:\/\/michal-luczak.com\/\"><b>http:\/\/michal-luczak.com\/<\/b><\/a><\/p>\n<p style=\"text-align: justify;\"><span style=\"font-weight: 400;\">Urodzony w 1983 roku, dokumentalista opowiadaj\u0105cy bliskie, subiektywne historie komentuj\u0105ce spo\u0142eczn\u0105 rzeczywisto\u015b\u0107, oparte na osobistych relacjach. Pochodzi ze \u015al\u0105ska i silnie zwi\u0105zany jest z tym regionem, tam pracowa\u0142 nad cyklami <\/span><i><span style=\"font-weight: 400;\">Nowicjat<\/span><\/i><span style=\"font-weight: 400;\">, <\/span><i><span style=\"font-weight: 400;\">Nikisz<\/span><\/i><span style=\"font-weight: 400;\">, <\/span><i><span style=\"font-weight: 400;\">M\u0142odzi<\/span><\/i> <i><span style=\"font-weight: 400;\">G\u00f3rnicy<\/span><\/i><span style=\"font-weight: 400;\"> i <\/span><i><span style=\"font-weight: 400;\">Brutal<\/span><\/i><span style=\"font-weight: 400;\"> \u2013 portret likwidowanego dworca g\u0142\u00f3wnego w Katowicach, zrealizowany pod postaci\u0105 autorskiej ksi\u0105\u017cki prezentuj\u0105cej wielkoformatowe, czarno-bia\u0142e fotografie. Wyda\u0142 r\u00f3wnie\u017c Elementarz \/ Ko\u0142o Miejsca z tekstem Krzysztofa Siwczyka (Czytelni Sztuki 2016) i razem z Filipem Springerem 11:41 (2016) \u2013 reporta\u017c ze wsp\u00f3\u0142czesnej Armenii, do kt\u00f3rego pretekstem s\u0105 obserwowalne do dzi\u015b skutki trz\u0119sienia ziemi z 1988 roku. Wsp\u00f3\u0142pracowa\u0142 przy projektach reinterpretuj\u0105cych archiwalne fotografie &#8222;Stefania Gurdowa \u2013 Klisze przechowuje si\u0119&#8221; i &#8222;Stefania Gurdowa \u2013 Czas niewinno\u015bci&#8221;. \u00a0<\/span><\/p>\n<p style=\"text-align: justify;\"><b>Rafa\u0142 Milach <\/b><\/p>\n<p style=\"text-align: justify;\"><b>spotkanie: sobota 25\/11 godzina 13:15<\/b><\/p>\n<p style=\"text-align: justify;\"><a href=\"http:\/\/rafalmilach.com\/\"><b>http:\/\/rafalmilach.com\/<\/b><\/a><\/p>\n<p style=\"text-align: justify;\"><span style=\"font-weight: 400;\">Urodzony w 1978 roku, fotograf i autor ksi\u0105\u017cek fotograficznych, absolwent grafiki na ASP w Katowicach i fotografii w ITF w Opavie, gdzie obecnie pracuje mi\u0119dzy innymi prowadz\u0105c zaj\u0119cia z autorskiej publikacji fotograficznej. Na postsowiecki terenach realizuje osobiste projekty oparte o fotograficzny dokument, komentuj\u0105ce przemiany spo\u0142eczne zachodz\u0105ce w tej cz\u0119\u015bci \u015bwiata. Wsp\u00f3\u0142za\u0142o\u017cyciel kolektywu Sputnik Photos. Wyda\u0142 \u201c<\/span><i><span style=\"font-weight: 400;\">The Winners<\/span><\/i><span style=\"font-weight: 400;\">\u201d (GOST 2014), \u201c<\/span><i><span style=\"font-weight: 400;\">7 Rooms<\/span><\/i><span style=\"font-weight: 400;\">\u201d (Kehrer 2011) \u201c<\/span><i><span style=\"font-weight: 400;\">Black Sea of Concrete<\/span><\/i><span style=\"font-weight: 400;\">\u201d (2013). \u201c<\/span><i><span style=\"font-weight: 400;\">In the Car with R<\/span><\/i><span style=\"font-weight: 400;\">\u201d (nak\u0142ad w\u0142asny 2012), \u201c<\/span><i><span style=\"font-weight: 400;\">Pierwszy Marsz D\u017centelmen\u00f3w\u201d<\/span><\/i><span style=\"font-weight: 400;\"> (Kolekcja Wrzesi\u0144ska 2016). Jego praca wspierana by\u0142a grantami Ministerstwa Kultury, European Cultural Foundation, Magnum Foundation. Nagradzany na World Press Photo i Picture of the Year, wystawia\u0142 m.in. w C\/O Berlin, Zach\u0119cie, MoCA w Szanghaju, jego prace znajduj\u0105 si\u0119 w kolekcjach Zamku Ujazdowskiego, Kyosato Museum, C\/O Berlin, Fundacji Sztuki Polskiej ING. <\/span><\/p>\n<p>&nbsp;<\/p>\n<p style=\"text-align: justify;\"><b>Rimaldas Vik<\/b><b>\u0161<\/b><b>raitis<\/b><\/p>\n<p style=\"text-align: justify;\"><b>spotkanie: sobota 25\/11 godzina 14:30<\/b><\/p>\n<p style=\"text-align: justify;\"><a href=\"https:\/\/www.lensculture.com\/articles\/rimaldas-viksraitis-naked-grimaces-exposing-rural-lithuania\"><b>https:\/\/www.lensculture.com\/articles\/rimaldas-viksraitis-naked-grimaces-exposing-rural-lithuania<\/b><\/a><\/p>\n<p style=\"text-align: justify;\"><span style=\"font-weight: 400;\">Urodzony w 1954 roku \u2013 litewski fotograf, znany ze szczerej, bliskiej i bezlitosnej fotograficznej dokumentacji codziennego \u017cycia na litewskich wsiach. Realizuj\u0105c przez wiele lat studium rzeczywisto\u015bci pijanej do nieprzytomno\u015bci prowincjonalnej spo\u0142eczno\u015bci, zachowa\u0142 nie\u0142atwy balans mi\u0119dzy uczciwym portretem bohater\u00f3w, a dobitnym osobistym komentarzem. Estetyka, jak\u0105 opowiada swoje historie \u2013 jest r\u00f3wnie bezpo\u015brednia. Prace Vik\u0161raitisa by\u0142y od 2009 roku prezentowane m.in. na festiwalu w Arles, gdzie zdoby\u0142 presti\u017cow\u0105 nagrod\u0119 Discovery, w White Cube Gallery w Londynie, w Photography Arts Center w Pekinie, Kaunas Photography Gallery, na festiwalu Photo Espana w Cuenca, w F fotogallery Cardiff jak r\u00f3wnie\u017c w Galerii Piekary w Poznaniu.<\/span><\/p>\n<p>&nbsp;<\/p>\n<p style=\"text-align: justify;\"><b>Filip Springer<\/b><\/p>\n<p style=\"text-align: justify;\"><b>spotkanie: sobota 25\/11 godzina 17:00<\/b><\/p>\n<p style=\"text-align: justify;\"><a href=\"http:\/\/filipspringer.com\"><b>filipspringer.com<\/b><\/a><\/p>\n<p style=\"text-align: justify;\"><span style=\"font-weight: 400;\">Urodzony w 1982 roku, absolwent archeologii i antropologii kulturowej na UAM, po kilkuletniej pracy w prasie na stanowisku fotografa zadebiutowa\u0142 literacko ksi\u0105\u017ck\u0105 <\/span><i><span style=\"font-weight: 400;\">Miedzianka. Historia Znikania <\/span><\/i><span style=\"font-weight: 400;\">(Czarne 2011). Autor reporta\u017cy, w kt\u00f3rych analizuje polsk\u0105 przestrze\u0144 publiczn\u0105, architektur\u0119 i ich spo\u0142eczne t\u0142o. Wyda\u0142 <\/span><i><span style=\"font-weight: 400;\">\u0179le urodzone. Reporta\u017ce o architekturze PRL<\/span><\/i><span style=\"font-weight: 400;\"> (Karakter, 2012): <\/span><i><span style=\"font-weight: 400;\">Zaczyn. O Zofii i Oskarze Hansenach<\/span><\/i><span style=\"font-weight: 400;\"> (Karakter, 2012), <\/span><i><span style=\"font-weight: 400;\">Wanna z kolumnad\u0105. Reporta\u017ce o polskiej przestrzeni <\/span><\/i><span style=\"font-weight: 400;\">(Czarne, 2013), <\/span><i><span style=\"font-weight: 400;\">13 pi\u0119ter <\/span><\/i><span style=\"font-weight: 400;\">(Czarne, 2015), <\/span><i><span style=\"font-weight: 400;\">Ksi\u0119ga zachwyt\u00f3w<\/span><\/i><span style=\"font-weight: 400;\"> (Agora, 2016), <\/span><i><span style=\"font-weight: 400;\">Miasto Archipelag. Polska mniejszych miast <\/span><\/i><span style=\"font-weight: 400;\">(Karakter, 2016). Nominowany m.in. do Nagrody Literackiej Gdynia, Nagrody Literackiej \u201cNike\u201d, Nagrody im. Ryszarda Kapu\u015bci\u0144skiego. Wsp\u00f3\u0142pracuje z Instytutem Reporta\u017cu. <\/span><\/p>\n<p>&nbsp;<\/p>\n<p style=\"text-align: justify;\"><b>Ania Na\u0142\u0119cka-Milach<\/b><\/p>\n<p style=\"text-align: justify;\"><b>spotkanie: sobota 25\/11 godzina 18:15<\/b><\/p>\n<p style=\"text-align: justify;\"><a href=\"http:\/\/nalecka.com\/\"><b>http:\/\/nalecka.com\/<\/b><\/a><\/p>\n<p style=\"text-align: justify;\"><span style=\"font-weight: 400;\">Urodzona w 1977 roku, projektantka ksi\u0105\u017cek, za\u0142o\u017cycielka Tapir Book Design. Odpowiada\u0142a za wiele z najwa\u017cniejszych publikacji fotograficznych wydanych w Polsce w ostatnich latach. Jej ksi\u0105\u017cki wielokrotnie zdobywa\u0142y nagrody i nominacje na najbardziej presti\u017cowych \u015bwiatowych przegl\u0105dach (ParisPhoto \/ Aperture Foundation Photobook Award Nominee, The New York Photofestival, Bratislava Photomonth, Art Books Wanted International Award, Fotograficzna Publikacja Roku w \u0141odzi). Poza publikacjami zbiorowymi i indywidualnymi fotograf\u00f3w Sputnik Photos, projektowa\u0142a ksi\u0105\u017cki autorskie artyst\u00f3w takich jak Mark Power, Mateusz Sare\u0142\u0142o, Agnieszka i Maciek Nabrdalik, Amy Elkins, Yulia Krivich, Glenn Sloggett, Jacek Fota.<\/span><\/p>\n<p>&nbsp;<\/p>\n<p><b>Adam Lach<\/b><\/p>\n<p><b>spotkanie: niedziela 26\/11 godzina 12:00<\/b><\/p>\n<p><a href=\"http:\/\/www.lachadam.com\/\"><b>http:\/\/www.lachadam.com\/<\/b><\/a><\/p>\n<p><a href=\"http:\/\/www.napoimages.com\"><b>www.napoimages.com<\/b><\/a><\/p>\n<p>urodzony w 1983 roku, fotograf realizuj\u0105cy d\u0142ugoterminowe projekty dokumentalne, w kt\u00f3rych interesuj\u0105 go intymne, osobiste opisy relacji mi\u0119dzyludzkich. Autor ksi\u0105\u017cek <i>Stigma<\/i> (2014, wyr\u00f3\u017cniona m. in. Nagrod\u0105 Beaty Pawlak Fundacji Batorego) i <i>Neverland<\/i> (2016). Wsp\u00f3\u0142za\u0142o\u017cyciel agencji NAPO, dzia\u0142aj\u0105cej od 2008 roku jednej z najwa\u017cniejszych polskich agencji fotograficznych. Zdobywca nagr\u00f3d w presti\u017cowych konkursach fotografii prasowej (Picture of the Year, International Photography Awards). Wystawia\u0142 m.in. w Polka Galerie HSBC w Pary\u017cu, w ramach Praskiego Biennale, na World Photojournalism Festival w Pekinie, Fotofestiwalu w \u0141odzi. Od 2010 do 2012 roku zwi\u0105zany z Instytutem Dziennikarstwa Uniwersytetu Warszawskiego.<\/p>\n<p>&nbsp;<\/p>\n<p style=\"text-align: justify;\"><b>Maksymilian i Magdalena Rigamonti<\/b><\/p>\n<p style=\"text-align: justify;\"><b>spotkanie: niedziela 26\/11 godzina 13:15<\/b><\/p>\n<p style=\"text-align: justify;\"><a href=\"http:\/\/www.rigamonti.pl\/\"><b>http:\/\/www.rigamonti.pl\/<\/b><\/a><\/p>\n<p style=\"text-align: justify;\"><b>Maksymilian Rigamonti<\/b><\/p>\n<p style=\"text-align: justify;\"><span style=\"font-weight: 400;\">Urodzony w 1974 roku, absolwent projektowania graficznego na \u0141\u00f3dzkiej ASP, jest fotoreporterem. Pracowa\u0142 w Newsweek Polska, Wprost, Dzienniku Gazecie Prawnej, wielokrotnie fotografowa\u0142 zaanga\u017cowanie polskich \u017co\u0142nierzy w wojn\u0119 w Afganistanie, w 2013 roku wyda\u0142 ksi\u0105\u017ck\u0119 podsumowuj\u0105c\u0105 ten cykl; <\/span><i><span style=\"font-weight: 400;\">Afganistan jest w nas<\/span><\/i><span style=\"font-weight: 400;\">. Wsp\u00f3lnie z \u017con\u0105 prowadz\u0105 na \u0142amach Dziennika rubryk\u0119 <\/span><i><span style=\"font-weight: 400;\">Rigamonti razy 2, <\/span><\/i><span style=\"font-weight: 400;\">wsp\u00f3\u0142pracuj\u0105 przy realizacji reporta\u017cy i ksi\u0105\u017cek, wsp\u00f3lnie wydali <\/span><i><span style=\"font-weight: 400;\">Straty. \u017bo\u0142nierze z Afganistanu<\/span><\/i><span style=\"font-weight: 400;\"> (2015) i szereg reporta\u017cy publikowanych w prasie. \u00a0<\/span><\/p>\n<p style=\"text-align: justify;\"><b>Magdalena Rigamonti<\/b><\/p>\n<p style=\"text-align: justify;\"><span style=\"font-weight: 400;\">Dziennikarka, autorka wywiad\u00f3w, zwi\u0105zana z Wprost, Newsweekiem, Polskim Radiem, obecnie z Dziennikiem Gazet\u0105 Prawn\u0105. Autorka ksi\u0105\u017cek <\/span><i><span style=\"font-weight: 400;\">Bez znieczulenia. Jak powstaje cz\u0142owiek,<\/span><\/i> <i><span style=\"font-weight: 400;\">Straty. \u017bo\u0142nierze z Afganistanu<\/span><\/i><span style=\"font-weight: 400;\"> i<\/span><i><span style=\"font-weight: 400;\"> Bez strachu. Jak umiera cz\u0142owiek<\/span><\/i><span style=\"font-weight: 400;\">. Zdoby\u0142a m.in. Nagrod\u0119 im. Dariusza Fikusa, Nagrod\u0119 im. Barbary \u0141opie\u0144skiej, Grand Press 2016 w kategorii wywiad.<\/span><\/p>\n<p>&nbsp;<\/p>\n<p style=\"text-align: justify;\"><b>Martin Parr<\/b><\/p>\n<p style=\"text-align: justify;\"><b>spotkanie: niedziela 26\/11 godzina 14:30<\/b><\/p>\n<p style=\"text-align: justify;\"><a href=\"https:\/\/www.martinparr.com\/\"><b>www.martinparr.com\/<\/b><\/a><\/p>\n<p style=\"text-align: justify;\"><a href=\"http:\/\/www.magnumphotos.com\"><b>www.magnumphotos.com<\/b><\/a><\/p>\n<p style=\"text-align: justify;\"><span style=\"font-weight: 400;\">urodzony w 1952 roku w Wielkiej Brytanii, cz\u0142onek agencji Magnum, autor kanonicznych dla wsp\u00f3\u0142czesnej fotografii cykli dokumentalnych analizuj\u0105cych m.in. fenomeny turystyki masowej (<\/span><i><span style=\"font-weight: 400;\">Small World<\/span><\/i><span style=\"font-weight: 400;\">), wolnego czasu w rodzimej Wielkiej Brytanii (<\/span><i><span style=\"font-weight: 400;\">The Last Resort<\/span><\/i><span style=\"font-weight: 400;\">), klasy \u015bredniej (<\/span><i><span style=\"font-weight: 400;\">The Cost of Living<\/span><\/i><span style=\"font-weight: 400;\">), konsumpcjonizmu (<\/span><i><span style=\"font-weight: 400;\">Common Sense<\/span><\/i><span style=\"font-weight: 400;\">). Redaktor serii Photobook History, jednocze\u015bnie jeden z najwa\u017cniejszych autorytet\u00f3w w dziedzinie ksi\u0105\u017cek fotograficznych, kurator i kolekcjoner.<\/span><\/p>\n<p>&nbsp;<\/p>\n<p><b>Gazeta \/ Magazyn<\/b><\/p>\n<p><b>spotkanie: niedziela 26\/11 godzina 17:00<\/b><\/p>\n<p>Magazyn reporter\u00f3w i fotoreporter\u00f3w Gazety Wyborczej powsta\u0142 w 1993 roku. Tw\u00f3rczyni\u0105 layoutu by\u0142a francuska graficzka Dominique Roynette, wcze\u015bniej pracuj\u0105ca dla dziennika Liberation. Za\u0142o\u017ceniem Magazynu by\u0142o mi\u0119dzy innymi publikowanie ambitnych tekst\u00f3w i fotografii, kt\u00f3re wyst\u0119powa\u0142yby na r\u00f3wnych prawach jako r\u00f3wnorz\u0119dne formy dziennikarskie. Wyb\u00f3r 20 numer\u00f3w Magazynu dokonany przez Piotra W\u00f3jcika i Dominique Roynette to odwo\u0142anie do tej historii, \u015bwiadectwa czasu oraz wiary w dziennikarstwo fotograficzne jako subiektywne spojrzenie autora na otaczaj\u0105cy \u015bwiat i przemiany ko\u0144ca XX w.<\/p>\n<p>Magazyn Gazety Wyborczej jest niew\u0105tpliwie tym z polskich czasopism, kt\u00f3re po 1989 roku w najbardziej ambitny spos\u00f3b podchodzi\u0142y do fotografii jako narz\u0119dzia poznawania \u015bwiata. Prezentujemy go w kontek\u015bcie festiwalu ksi\u0105\u017cek fotograficznych, nie tylko by przypomnie\u0107 wydawnictwo sensownie traktuj\u0105ce fotografi\u0119, jakiego trudno dzi\u015b szuka\u0107 na p\u00f3\u0142kach z pras\u0105. Chcieliby\u015bmy zastanowi\u0107 si\u0119 czym r\u00f3\u017cni\u0105 si\u0119 metody i jak kszta\u0142tuj\u0105 si\u0119 standardy charakterystyczne dla fotografii przeznaczonej dla prasy (tej najwy\u017cszej pr\u00f3by, jak Magazyn) a jak kszta\u0142tuj\u0105 si\u0119 one gdy na horyzoncie dokumentalisty, docelowym medium budowania wypowiedzi \u2013 jest ksi\u0105\u017cka.<\/p>\n<p><b>Piotr W\u00f3jcik<\/b><\/p>\n<p>Fotograf, dokumentalista, wyk\u0142adowca na wydziale operatorskim Pa\u0144stwowej Wy\u017cszej Szkole Filmowej, Telewizyjnej i Teatralnej w \u0141odzi. Stale wsp\u00f3\u0142pracuje z Gazet\u0105 Wyborcz\u0105 oraz francuskim portalem informacyjnym Mediapart realizuj\u0105c wideo o tematyce dokumentalnej i newsowej. Autor dokumentalnych projekt\u00f3w fotograficznych i multimedialnych po\u015bwi\u0119conych spo\u0142eczno\u015bci romskiej w Europie. Autor ksi\u0105\u017cek \u201e<i>Cyganie z obu stron Karpat<\/i>\u201d 2000 i \u201e<i>Polskie Wolno\u015bci<\/i>\u201d 2014. Od 1989 roku fotoreporter Gazety Wyborczej a od 2000 do 2011 roku szef jej dzia\u0142u fotograficznego. <a href=\"http:\/\/www.picture-doc.org\/o-nas\/\">http:\/\/www.picture-doc.org\/o-nas\/<\/a><\/p>\n<p><b>Dominique Roynette<\/b><\/p>\n<p>Urodzona w 1948 roku. Absolwentka Wy\u017cszej Szko\u0142y Sztuk Plastycznych w Pary\u017cu. Dyrektor artystyczna najwi\u0119kszych europejskich gazet: \u201eLib\u00e9ration\u201d, \u201eLe Monde\u201d, \u201eGazety Wyborczej\u201d. Kuratorka wystaw, wsp\u00f3\u0142autorka ksi\u0105\u017cek.<\/p>\n<p style=\"text-align: justify;\"><b>\u00a0 \u00a0 \u00a0 \u00a0 \u00a0 \u00a0 \u00a0 \u00a0 \u00a0 \u00a0 \u00a0 \u00a0 \u00a0 \u00a0 \u00a0 \u00a0 \u00a0 \u00a0 \u00a0 \u00a0 \u00a0 \u00a0 \u00a0 \u00a0<\/b><\/p>\n<p style=\"text-align: justify;\"><b>Micha\u0142 Szlaga<\/b><\/p>\n<p style=\"text-align: justify;\"><b>spotkanie: niedziela 26\/11 godzina 18:15<\/b><\/p>\n<p style=\"text-align: justify;\"><a href=\"http:\/\/szlaga.blogspot.com\/\"><b>http:\/\/szlaga.blogspot.com\/<\/b><\/a><\/p>\n<p style=\"text-align: justify;\"><span style=\"font-weight: 400;\">urodzony w 1978 roku, absolwent gda\u0144skiej Akademii Sztuk Pi\u0119knych. Znany z projekt\u00f3w fotograficznych dokumentuj\u0105cych Polsk\u0119; prowadzonych w osobisty spos\u00f3b i publikowanych pierwotnie na blogu obserwacji codzienno\u015bci (<\/span><i><span style=\"font-weight: 400;\">Reality<\/span><\/i><span style=\"font-weight: 400;\">, 2007, <\/span><i><span style=\"font-weight: 400;\">Prostytutki<\/span><\/i><span style=\"font-weight: 400;\">, 2010, <\/span><i><span style=\"font-weight: 400;\">Polska<\/span><\/i><span style=\"font-weight: 400;\">, 2016) oraz z monumentalnej pracy dotycz\u0105cej Stoczni Gda\u0144skiej, realizowanej konsekwentnie od 2000 roku. Szlaga buduje fotograficzn\u0105 monografi\u0119 miejsca, w kt\u00f3rej \u0142\u0105cz\u0105 si\u0119 opowie\u015bci o postindustrialnej architekturze stoczni, jej spo\u0142ecznej rzeczywisto\u015bci, historii i pojedynczych bohaterach. Interesuje go szeroki kontekst; we wsp\u00f3\u0142pracy z dziennikarzem Maksem Cegielskim, w <\/span><i><span style=\"font-weight: 400;\">Global Prosperity<\/span><\/i><span style=\"font-weight: 400;\"> wsp\u00f3lnie pod\u0105\u017cali \u015bladem statk\u00f3w wyprodukowanych w Gda\u0144sku, kt\u00f3re zako\u0144czy\u0142y sw\u00f3j \u017cywot na z\u0142omowisku w indyjskiej wsi Alang. Fotografie stoczni zosta\u0142y opublikowane w dw\u00f3ch ksi\u0105\u017ckach autorskich; <\/span><i><span style=\"font-weight: 400;\">Paskudne Poczt\u00f3wki 2007-2012<\/span><\/i><span style=\"font-weight: 400;\"> i <\/span><i><span style=\"font-weight: 400;\">Stocznia<\/span><\/i><span style=\"font-weight: 400;\">, 2015. Jego prace znajduj\u0105 si\u0119 w kolekcjach Muzeum Narodowego w Gda\u0144sku, CSW Zamku Ujazdowskiego, Galerii Apollonia w Strasbourgu. Za zdj\u0119cia do magazyn\u00f3w, z kt\u00f3rymi stale wsp\u00f3\u0142pracuje (m.in. <\/span><i><span style=\"font-weight: 400;\">Newsweek, Przekr\u00f3j, Viva!, Tw\u00f3j Styl<\/span><\/i><span style=\"font-weight: 400;\">) nagradzany wielokrotnie na konkursach polskiej fotografii prasowej.<\/span><\/p>\n\n\t\t<\/div> \n\t<\/div> <\/div><\/div><\/div><\/div><\/div><\/div><div     class=\"vc_row wpb_row section vc_row-fluid \" style=' text-align:left;'><div class=\" full_section_inner clearfix\"><div class=\"wpb_column vc_column_container vc_col-sm-12\"><div class=\"vc_column-inner\"><div class=\"wpb_wrapper\"><div class='qode_image_gallery_no_space dark highlight_active'><div class='qode_image_gallery_holder' style='height: 600px;'><ul><li><div style=\"height: 600px; width:800px;\"><img decoding=\"async\" src=\"https:\/\/pix.house\/wp-content\/uploads\/2017\/09\/4.jpg\" alt=\"\" \/><\/div><\/li><li><div style=\"height: 600px; width:901px;\"><img decoding=\"async\" src=\"https:\/\/pix.house\/wp-content\/uploads\/2017\/09\/004_xprint2016.jpg\" alt=\"\" \/><\/div><\/li><li><div style=\"height: 600px; width:1002px;\"><img decoding=\"async\" src=\"https:\/\/pix.house\/wp-content\/uploads\/2017\/09\/3.jpg\" alt=\"\" \/><\/div><\/li><li><div style=\"height: 600px; width:901px;\"><img decoding=\"async\" src=\"https:\/\/pix.house\/wp-content\/uploads\/2017\/09\/005_xprint2016.jpg\" alt=\"\" \/><\/div><\/li><li><div style=\"height: 600px; width:901px;\"><img decoding=\"async\" src=\"https:\/\/pix.house\/wp-content\/uploads\/2017\/09\/012_xprint2016.jpg\" alt=\"\" \/><\/div><\/li><li><div style=\"height: 600px; width:901px;\"><img decoding=\"async\" src=\"https:\/\/pix.house\/wp-content\/uploads\/2017\/09\/011_xprint2016.jpg\" alt=\"\" \/><\/div><\/li><li><div style=\"height: 600px; width:901px;\"><img decoding=\"async\" src=\"https:\/\/pix.house\/wp-content\/uploads\/2017\/09\/010_xprint2016.jpg\" alt=\"\" \/><\/div><\/li><li><div style=\"height: 600px; width:901px;\"><img decoding=\"async\" src=\"https:\/\/pix.house\/wp-content\/uploads\/2017\/09\/009_xprint2016.jpg\" alt=\"\" \/><\/div><\/li><li><div style=\"height: 600px; width:901px;\"><img decoding=\"async\" src=\"https:\/\/pix.house\/wp-content\/uploads\/2017\/09\/008_xprint2016.jpg\" alt=\"\" \/><\/div><\/li><li><div style=\"height: 600px; width:901px;\"><img decoding=\"async\" src=\"https:\/\/pix.house\/wp-content\/uploads\/2017\/09\/007_xprint2016.jpg\" alt=\"\" \/><\/div><\/li><li><div style=\"height: 600px; width:901px;\"><img decoding=\"async\" src=\"https:\/\/pix.house\/wp-content\/uploads\/2017\/09\/006_xprint2016.jpg\" alt=\"\" \/><\/div><\/li><li><div style=\"height: 600px; width:901px;\"><img decoding=\"async\" src=\"https:\/\/pix.house\/wp-content\/uploads\/2017\/09\/015_xprint2016.jpg\" alt=\"\" \/><\/div><\/li><li><div style=\"height: 600px; width:901px;\"><img decoding=\"async\" src=\"https:\/\/pix.house\/wp-content\/uploads\/2017\/09\/016_xprint2016.jpg\" alt=\"\" \/><\/div><\/li><li><div style=\"height: 600px; width:901px;\"><img decoding=\"async\" src=\"https:\/\/pix.house\/wp-content\/uploads\/2017\/09\/017_xprint2016.jpg\" alt=\"\" \/><\/div><\/li><li><div style=\"height: 600px; width:901px;\"><img decoding=\"async\" src=\"https:\/\/pix.house\/wp-content\/uploads\/2017\/09\/018_xprint2016.jpg\" alt=\"\" \/><\/div><\/li><li><div style=\"height: 600px; width:901px;\"><img decoding=\"async\" src=\"https:\/\/pix.house\/wp-content\/uploads\/2017\/09\/019_xprint2016.jpg\" alt=\"\" \/><\/div><\/li><li><div style=\"height: 600px; width:901px;\"><img decoding=\"async\" src=\"https:\/\/pix.house\/wp-content\/uploads\/2017\/09\/020_xprint2016.jpg\" alt=\"\" \/><\/div><\/li><li><div style=\"height: 600px; width:901px;\"><img decoding=\"async\" src=\"https:\/\/pix.house\/wp-content\/uploads\/2017\/09\/023_xprint2016.jpg\" alt=\"\" \/><\/div><\/li><li><div style=\"height: 600px; width:901px;\"><img decoding=\"async\" src=\"https:\/\/pix.house\/wp-content\/uploads\/2017\/09\/028_xprint2016.jpg\" alt=\"\" \/><\/div><\/li><li><div style=\"height: 600px; width:901px;\"><img decoding=\"async\" src=\"https:\/\/pix.house\/wp-content\/uploads\/2017\/09\/026_xprint2016.jpg\" alt=\"\" \/><\/div><\/li><li><div style=\"height: 600px; width:901px;\"><img decoding=\"async\" src=\"https:\/\/pix.house\/wp-content\/uploads\/2017\/09\/025_xprint2016.jpg\" alt=\"\" \/><\/div><\/li><li><div style=\"height: 600px; width:901px;\"><img decoding=\"async\" src=\"https:\/\/pix.house\/wp-content\/uploads\/2017\/09\/001_xprint2016.jpg\" alt=\"\" \/><\/div><\/li><li><div style=\"height: 600px; width:902px;\"><img decoding=\"async\" src=\"https:\/\/pix.house\/wp-content\/uploads\/2017\/09\/1.jpg\" alt=\"\" \/><\/div><\/li><li><div style=\"height: 600px; width:901px;\"><img decoding=\"async\" src=\"https:\/\/pix.house\/wp-content\/uploads\/2017\/09\/002_xprint2016.jpg\" alt=\"\" \/><\/div><\/li><li><div style=\"height: 600px; width:600px;\"><img decoding=\"async\" src=\"https:\/\/pix.house\/wp-content\/uploads\/2017\/09\/2.jpg\" alt=\"\" \/><\/div><\/li><\/ul><\/div><div class=\"controls\"><a class=\"prev-slide\" href=\"#\"><span class=\"arrow_carrot-left\"><\/span><\/a><a class=\"next-slide\" href=\"#\"><span class=\"arrow_carrot-right\"><\/span><\/a><\/div><\/div>\n\t<div class=\"wpb_text_column wpb_content_element \">\n\t\t<div class=\"wpb_wrapper\">\n\t\t\t<p style=\"text-align: center;\"><strong>zdj\u0119cia z poprzedniej edycji XPRINT<\/strong><\/p>\n\n\t\t<\/div> \n\t<\/div> <\/div><\/div><\/div><\/div><\/div><div     class=\"vc_row wpb_row section vc_row-fluid  grid_section\" style='background-color:#f5f5f5; padding-top:50px; padding-bottom:50px; text-align:left;'><div class=\" section_inner clearfix\"><div class='section_inner_margin clearfix'><div class=\"wpb_column vc_column_container vc_col-sm-12\"><div class=\"vc_column-inner\"><div class=\"wpb_wrapper\">\n\t<div class=\"wpb_text_column wpb_content_element \">\n\t\t<div class=\"wpb_wrapper\">\n\t\t\t<h2>_ Opis wydarze\u0144<\/h2>\n\n\t\t<\/div> \n\t<\/div> \n\t<div class=\"wpb_text_column wpb_content_element \">\n\t\t<div class=\"wpb_wrapper\">\n\t\t\t\n\t\t<\/div> \n\t<\/div> \n\t<div class=\"wpb_text_column wpb_content_element \">\n\t\t<div class=\"wpb_wrapper\">\n\t\t\t<p><b>wystawa<\/b><\/p>\n<p><b><i>[Niekompletny] spis rzeczy<\/i><\/b><b> \/ Sputnik Photos<\/b><\/p>\n<p><b>kurator: Rafa\u0142 Milach<\/b><\/p>\n<p>otwarcie 24 listopada o godzinie 17:00<\/p>\n<p>wystawa czynna od 24 listopada do\u00a08 grudnia 2017\u00a0(13.00 &#8211; 18.00)<\/p>\n<p>Galeria PIX.HOUSE\u00a0G\u0142ogowska 35a\u00a060-101 Pozna\u0144<\/p>\n<p><a href=\"http:\/\/www.pix.house\">www.pix.house<\/a><\/p>\n<p>&nbsp;<\/p>\n<p><i><span style=\"font-weight: 400;\">[Niekompletny] spis rzeczy<\/span><\/i><span style=\"font-weight: 400;\"> jest jedn\u0105 z wielu narracji, kt\u00f3re zosta\u0142y zrealizowane w ramach projektu <\/span><i><span style=\"font-weight: 400;\">Stracone terytoria<\/span><\/i><span style=\"font-weight: 400;\">. Ta ksi\u0105\u017cka jest pr\u00f3b\u0105 zdefiniowania zjawisk, wydarze\u0144, proces\u00f3w oraz mierzenia si\u0119 z pami\u0119ci\u0105 po ZSRR, kt\u00f3ry przez ca\u0142e dekady wywiera\u0142 pi\u0119tno tak\u017ce i na naszej rzeczywisto\u015bci.<\/span><\/p>\n<p>&nbsp;<\/p>\n<p><span style=\"font-weight: 400;\">Dwudziestu jeden autor\u00f3w \u2013 pisarze, dziennikarze, politolodzy, historycy, arty\u015bci i kuratorzy \u2013 stworzy\u0142o osobisty atlas postradzieckich skojarze\u0144. Dodatkowo dla ka\u017cdego z nich inspiracj\u0105 by\u0142y wybrane fotografie z Archiwum Straconych terytori\u00f3w. Autorzy r\u00f3\u017cni\u0105 si\u0119 niemal wszystkim: pochodzeniem, j\u0119zykiem, stylem literackim i temperamentem. Ka\u017cda z tych os\u00f3b inaczej pami\u0119ta ZSRR i inaczej go do\u015bwiadczy\u0142a. Publikacja ta nie jest przewodnikiem po \u015bwiecie radzieckim, ale m\u00f3wi o wielu wa\u017cnych i aktualnych problemach regionu, kt\u00f3ry ca\u0142y czas ulega przemianom, pr\u00f3buj\u0105c okre\u015bli\u0107 swoj\u0105 pozycj\u0119 i upora\u0107 si\u0119 z pami\u0119ci\u0105 o Imperium, kt\u00f3re rozpad\u0142o si\u0119 dwadzie\u015bcia pi\u0119\u0107 lat temu.<\/span><\/p>\n<p>&nbsp;<\/p>\n<p><span style=\"font-weight: 400;\">Materia\u0142em wspomagaj\u0105cym wystaw\u0119 jest ksi\u0105\u017cka fotograficzna <\/span><i><span style=\"font-weight: 400;\">Fruit Garden, <\/span><\/i><span style=\"font-weight: 400;\">kt\u00f3ra powsta\u0142a w ramach projektu <\/span><i><span style=\"font-weight: 400;\">Stracone terytoria.<\/span><\/i><\/p>\n<p>&nbsp;<\/p>\n<p><i><span style=\"font-weight: 400;\">[Niekompletny] spis rzeczy <\/span><\/i><span style=\"font-weight: 400;\">\/ wydawnictwo Sputnik Photos 2016, projekt Ania Na\u0142\u0119cka-Milach, <\/span><span style=\"font-weight: 400;\">teksty: Edwin Bendyk, Andrzej Brzeziecki, Sebastian Cichocki, J\u00f6rg Colberg, Aleksandra Jarosiewicz, V.L. Kadoch Brandt, Daniel Kalder, Wojciech Kucharczyk, Jewhen Mahda, Ma\u0142gorzata Nocu\u0144, Wojciech Nowicki, Stanis\u0142aw Patrijew, Maciej Pisuk, Andrzej Poczobut, Taras Procha\u015bko, Filip Springer, Krzysztof \u015aroda, Ziemowit Szczerek, Andrzej Tobis, Sigurbj\u00f6rg \u00derastard\u00f3ttir, Serhij \u017badan, zdj\u0119cia: Jan Brykczy\u0144ski, Andrei Balco, Andrei Liankevich, Rafa\u0142 Milach, Adam Pa\u0144czuk, Micha\u0142 \u0141uczak, Agnieszka Rayss, nak\u0142ad: 500 + 500 [EN, PL]. <\/span><\/p>\n<p>&nbsp;<\/p>\n<p><b>wystawa<\/b><\/p>\n<p><b><i>BOOKI<\/i><\/b><\/p>\n<p><b>wystawa przygotowana przez Katedr\u0119 Fotografii UAP w Poznaniu<\/b><\/p>\n<p>Galeria SKALA, ul. \u015awi\u0119ty Marcin 49a, Pozna\u0144<\/p>\n<p>otwarcie: pi\u0105tek 24 listopada godzina 18:00<\/p>\n<p>dyskusja: 2 grudnia godzina 17:00<\/p>\n<p>wystawa czynna od 24 listopada do 2 grudnia 2017<\/p>\n<p><a href=\"http:\/\/www.fotografia.uap.edu.pl\">www.fotografia.uap.edu.pl<\/a><\/p>\n<p>&nbsp;<\/p>\n<p>Katedra Fotografii Uniwersytetu Artystycznego w Poznaniu organizuje mi\u0119dzynarodowy przegl\u0105d ksi\u0105\u017cek fotograficznych student\u00f3w i absolwent\u00f3w uczelni artystycznych. Wystawa BOOKI w Galerii SKALA zaprezentuje najnowsze, zrealizowane w ostatnich dw\u00f3ch latach, wybrane publikacje autorskie student\u00f3w i absolwent\u00f3w uczelni z Anglii, Norwegii, Niemiec, Czech i S\u0142owacji. W\u015br\u00f3d dziesi\u0105tek opartych o fotografie wydawnictw wybranych przez naszych partner\u00f3w, znajd\u0105 si\u0119 unikatowe i cz\u0119sto nieprezentowane dot\u0105d szerszej publiczno\u015bci ksi\u0105\u017cki autorskie, ziny, zeszyty, itp.<\/p>\n<p><strong>Wyboru ksi\u0105\u017cek dokonali:<\/strong><\/p>\n<p>Victoria Rowena Browne &#8211; Kunsth\u00f8gskolen, Oslo<br \/>\nPaula Roush &#8211; London South Bank University<br \/>\nOlja Tria\u0161ka Stefanovi\u0107 &#8211; Vysok\u00e1 \u0161kola v\u00fdtvarn\u00fdch umen\u00ed, Bratislava<br \/>\nVladim\u00edr Birgus &#8211; Institut tv\u016fr\u010d\u00ed fotografie, Slezsk\u00e9 univerzity v Opav\u011b<br \/>\nAdrian Mott &#8211; London College of Communication<br \/>\nLinn Schr\u00f6der &#8211; Hochschule f\u00fcr Angewandte Wissenschaften, Hamburg<br \/>\nJaros\u0142aw Klup\u015b &#8211; Uniwersytet Artystyczny w Poznaniu<\/p>\n<p>W bie\u017c\u0105cym roku Katedra Fotografii UAP utworzy\u0142a now\u0105 specjalno\u015b\u0107 wydawnicz\u0105 (fotografia edytorska), realizowan\u0105 na kierunku fotografia. Wystawa w Galerii SKALA jest pr\u00f3b\u0105 zbudowania mi\u0119dzynarodowej sieci uczelni partnerskich, s\u0142u\u017c\u0105cej wymianie do\u015bwiadcze\u0144, wsp\u00f3\u0142pracy student\u00f3w i pedagog\u00f3w. Wystawie towarzyszy\u0107 b\u0119d\u0105 warsztaty, spotkanie w Bibliotece Katedry Fotografii, a tak\u017ce dyskusja na temat znaczenia i funkcjonowania papierowych publikacji oraz kszta\u0142cenia specjalistycznego w zakresie wydawnictw fotograficznych.<\/p>\n<p>&nbsp;<\/p>\n<p><b>wystawa <\/b><\/p>\n<p><b><i>Making of<\/i><\/b><\/p>\n<p><b>Weronika Krawczuk<\/b><\/p>\n<p>otwarcie w pi\u0105tek 24 listopada godzina 19:00<\/p>\n<p>wystawa czynna 25 i 26 listopada w godzinach 13:00 \u2013 19:00<\/p>\n<p>Ostr\u00f8v \u015bw. Marcin 25\u00a061-804 Pozna\u0144<\/p>\n<p><a href=\"https:\/\/www.facebook.com\/Ostrov.books\/\">https:\/\/www.facebook.com\/Ostrov.books\/<\/a><\/p>\n<p>&nbsp;<\/p>\n<p><span style=\"font-weight: 400;\">Ostr\u00f8v to czytelnia \/ pracownia zajmuj\u0105ca si\u0119 self-publishingiem, ksi\u0105\u017ck\u0105 artystyczna i fotograficzn\u0105. Kolekcjonujemy, zbieramy, pokazujemy. Wydajemy.<\/span><\/p>\n<p>&nbsp;<\/p>\n<p><i><span style=\"font-weight: 400;\">Making of<\/span><\/i><span style=\"font-weight: 400;\"> \u2013 projekt przygotowany w ramach tegorocznej edycji festiwalu jest efektem kilkumiesi\u0119cznej wsp\u00f3\u0142pracy czytelni \/ pracowni Ostr\u00f8v z fotografk\u0105 Weronik\u0105 Krawczuk. Na wystawie zaprezentujemy proces powstawania najnowszej publikacji fotograficznej Krawczuk, do kt\u00f3rej materia\u0142 powstawa\u0142 w latach 2011-2015. Wystawa daje dok\u0142adny wgl\u0105d w ka\u017cdy z etap\u00f3w powstawania ksi\u0105\u017cki \u2013 od pracy edytorskiej, poprzez projektowanie, sk\u0142ad, druk \u2013 prezentuje czynniki maj\u0105ce wp\u0142yw na ostateczn\u0105 form\u0119 publikacji. <\/span><\/p>\n<p>&nbsp;<\/p>\n<p><b>Weronika Krawczuk<\/b><span style=\"font-weight: 400;\"> \u2013 urodzona w 1991 roku w Poznaniu. W 2015 obroni\u0142a tytu\u0142 magistra na Uniwersytecie Artystycznym w Poznaniu, na wydziale Komunikacji Multimedialnej, kierunek Fotografia. Laureatka Grand Prix, Fotopolis, 2014. Jej prace wystawiane by\u0142y w ramach polskich festiwali fotografii &#8211; Miesi\u0105c Fotografii w Krakowie 2016 oraz Fotofestiwal w \u00a0\u0141odzi 2013. Publikowa\u0142a mi\u0119dzy innymi w ameryka\u0144skim magazynie VICE i angielskim The Calvert Journal.<\/span><\/p>\n<p>&nbsp;<\/p>\n<p><b>warsztaty<\/b><\/p>\n<p><b><i>Zdj\u0119cie. Narracja. Ksi\u0105\u017cka \u2013 warsztat projektowania publikacji autorskiej<\/i><\/b><\/p>\n<p><b>prowadz\u0105cy: Honza Zamojski<\/b><\/p>\n<p>25.11, 9:00 \u201316:00 (sobota), ilo\u015b\u0107 miejsc: 7-10 os\u00f3b<\/p>\n<p>Katedra Fotografii UAP w Poznaniu 23 lutego 20 61-742 Pozna\u0144<\/p>\n<p><a href=\"http:\/\/www.fotografia.uap.edu.pl\">www.fotografia.uap.edu.pl<\/a><\/p>\n<p>&nbsp;<\/p>\n<p><span style=\"font-weight: 400;\">Coraz wi\u0119cej ksi\u0105\u017cek. Coraz wi\u0119cej projektant\u00f3w, fotograf\u00f3w, artyst\u00f3w i wydawc\u00f3w. Ka\u017cdego miesi\u0105ca targi ksi\u0105\u017cek \u2013 od Londynu, przez Pary\u017c, a\u017c po Los Angeles. Konkursy, hasztagi, blogi, promocja, dystrybucja. Coraz wi\u0119cej tytu\u0142\u00f3w. I paradoks &#8211; coraz trudniej znale\u017a\u0107 ciekaw\u0105 publikacj\u0119, kt\u00f3rej ksi\u0105\u017ckowe \u017cycie b\u0119dzie d\u0142u\u017csze ni\u017c jednorazowe wertowanie jej w ksi\u0119garni. Co sprawia, \u017ce ksi\u0105\u017cka jest \u201cdobra\u201d? W czym le\u017cy sukces starannej redakcji, ponadprzeci\u0119tnego projektu graficznego i przede wszystkim \u2013 ciekawego pomys\u0142u na ksi\u0105\u017ck\u0119? Czy mo\u017cna wymy\u015bli\u0107 ksi\u0105\u017ck\u0119 w jedno popo\u0142udnie? Te pytania rozpoczn\u0105 jednodniowe warsztaty, kt\u00f3re poprowadzi Honza Zamojski \u2013 artysta, projektant\/wydawca ksi\u0105\u017cek oraz wyk\u0142adowca Uniwersytetu Artystycznego w Poznaniu i School of Form. G\u0142\u00f3wnym celem warsztat\u00f3w b\u0119dzie pokazanie jak relacje pomi\u0119dzy pomys\u0142em, tre\u015bci\u0105 i form\u0105 mog\u0105 wp\u0142yn\u0105\u0107 na jako\u015b\u0107 i odbi\u00f3r finalnego druku. Chcieliby\u015bmy przy okazji stworzy\u0107 atmosfer\u0119 sprzyjaj\u0105c\u0105 dyskusji o fotografii, o narracji ksi\u0105\u017ckowej, a przede wszystkim o warto\u015bci i sensie istnienia ksi\u0105\u017cki fotograficznej we wsp\u00f3\u0142czesnym, przesyconym obrazami \u015bwiecie. <\/span><\/p>\n<p>&nbsp;<\/p>\n<p><b><i>Przegl\u0105d \u015bniadaniowy<\/i><\/b><\/p>\n<p>25 listopada 2017, godz. 9:00-12:00<\/p>\n<p>Biblioteka i Archiwum Katedry Fotografii UAP<\/p>\n<p>Uniwersytet Artystyczny w Poznaniu, ul. 23 lutego 20<\/p>\n<p><a href=\"mailto:fotografia@uap.edu.pl\">fotografia@uap.edu.pl<\/a><\/p>\n<p>&nbsp;<\/p>\n<p><span style=\"font-weight: 400;\">Podczas spotkania w bibliotece zaprezentowane zostan\u0105 unikalne ksi\u0105\u017cki fotograficzne, wybrane albumy oraz wydania COMO &#8211; magazynu student\u00f3w i absolwent\u00f3w fotografii. Przy porannej kawie porozmawiamy te\u017c o wyj\u0105tkowych publikacjach ze zbior\u00f3w BAKF, prowadzeniu i edycji magazynu fotograficznego czy wydawnictw autorskich.<\/span><\/p>\n<p>&nbsp;<\/p>\n<p><strong>wyk\u0142ad otwarty<\/strong><\/p>\n<p><strong>koordynacja: Bianka Rolando<\/strong><\/p>\n<p>26 listopada godzina 9:00 \u2013 12:00<\/p>\n<p>School of Form\u00a0G\u0142ogowska 18\u00a060-734 Pozna\u0144\u00a0MTP, hala nr 1<\/p>\n<p><a href=\"http:\/\/www.sof.edu.pl\">www.sof.edu.pl<\/a><\/p>\n<p>&nbsp;<\/p>\n<p><b>Dyskusja<\/b><\/p>\n<p><b>Obrazy co mog\u0105. Jak dokumentali\u015bci my\u015bl\u0105 o zmianie?<\/b><\/p>\n<p><b>Maciej Fr\u0105ckowiak, prof. Rafa\u0142 Drozdowski<\/b><\/p>\n<p>24 listopada o godzinie 15:00 \u2013 17:00<\/p>\n<p>Galeria PIX.HOUSE G\u0142ogowska 35a 60-101 Pozna\u0144<\/p>\n<p><a href=\"http:\/\/www.pix.house\">www.pix.house<\/a><\/p>\n<p>&nbsp;<\/p>\n<p><span style=\"font-weight: 400;\">Maciej Fr\u0105ckowiak przeprowadzi\u0142 kilkadziesi\u0105t wywiad\u00f3w socjologicznych z polskimi tw\u00f3rcami i tw\u00f3rczyniami pos\u0142uguj\u0105cymi si\u0119 fotografi\u0105. Tematem tych rozm\u00f3w by\u0142y wyobra\u017cenia, postawy i praktyka interwencji artystycznych dokonywanych za pomoc\u0105 obrazu fotograficznego. Porozmawiamy o kluczowych wnioskach i rezultatach tego przedsi\u0119wzi\u0119cia.<\/span><\/p>\n<p>&nbsp;<\/p>\n<p><b>Dyskusja<\/b><\/p>\n<p><b>Ksi\u0105\u017cka jako proces. Jak powstawa\u0142 album <\/b><b><i>\u2018I see you\u2019<\/i><\/b><b> Damiana Chrobaka?<\/b><\/p>\n<p><b>Joanna Kinowska, Damian Chrobak, Adrian Wykrota<\/b><\/p>\n<p>25 listopada godzina 11.00<\/p>\n<p>Galeria Miejska Arsena\u0142 Stary Rynek 6\u00a0 61-772 Pozna\u0144<\/p>\n<p><a href=\"http:\/\/www.arsenal.art.pl\">http:\/\/www.arsenal.art.pl<\/a><\/p>\n<p><span style=\"font-weight: 400;\"><br \/>\n<\/span><span style=\"font-weight: 400;\">Fotografia to proces, kt\u00f3ry potrzebuje czasu. Gdy publikujemy ksi\u0105\u017ck\u0119 czas wydaje si\u0119 jeszcze bardziej kluczowy. Jak wygl\u0105da praca nad albumem? Jak z tysi\u0119cy zdj\u0119\u0107 wybra\u0107 te w\u0142a\u015bciwe, jakie s\u0105 kolejne kroki dzia\u0142ania? Damian Chrobak (autor zdj\u0119\u0107), Joanna Kinowska (edycja zdj\u0119\u0107) i Adrian Wykrota (wydawca) opowiedz\u0105 o procesie powstawania nowego albumu \u2018I see you\u2019 wydawnictwa PIX.HOUSE.<\/span><\/p>\n\n\t\t<\/div> \n\t<\/div> \n\t<div class=\"wpb_video_widget wpb_content_element vc_clearfix   vc_video-aspect-ratio-169 vc_video-el-width-100 vc_video-align-left\" >\n\t\t<div class=\"wpb_wrapper\">\n\t\t\t\n\t\t\t<div class=\"wpb_video_wrapper\"><iframe loading=\"lazy\" title=\"Xprint festiwal ksi\u0105\u017cek fotograficznych.\" width=\"500\" height=\"281\" src=\"https:\/\/www.youtube.com\/embed\/ryfcOicL13U?feature=oembed\" frameborder=\"0\" allow=\"accelerometer; autoplay; clipboard-write; encrypted-media; gyroscope; picture-in-picture; web-share\" referrerpolicy=\"strict-origin-when-cross-origin\" allowfullscreen><\/iframe><\/div>\n\t\t<\/div>\n\t<\/div>\n\n\t<div class=\"wpb_text_column wpb_content_element \">\n\t\t<div class=\"wpb_wrapper\">\n\t\t\t<p style=\"text-align: center;\"><strong>video z poprzedniej edycji XPRINT | Micha\u0142 Szalast\u00a0<\/strong><\/p>\n\n\t\t<\/div> \n\t<\/div> <\/div><\/div><\/div><\/div><\/div><\/div><div     class=\"vc_row wpb_row section vc_row-fluid vc_custom_1508659480571 grid_section\" style='background-color:#ffffff; padding-top:50px; padding-bottom:50px; text-align:left;'><div class=\" section_inner clearfix\"><div class='section_inner_margin clearfix'><div class=\"wpb_column vc_column_container vc_col-sm-12\"><div class=\"vc_column-inner\"><div class=\"wpb_wrapper\">\n\t<div class=\"wpb_text_column wpb_content_element \">\n\t\t<div class=\"wpb_wrapper\">\n\t\t\t<h2>_ Organizator festiwalu<\/h2>\n\n\t\t<\/div> \n\t<\/div> \n\t<div class=\"wpb_text_column wpb_content_element \">\n\t\t<div class=\"wpb_wrapper\">\n\t\t\t<p><img loading=\"lazy\" decoding=\"async\" class=\"alignnone wp-image-23044 size-thumbnail\" src=\"http:\/\/pix.house\/wp-content\/uploads\/2015\/08\/PIX_HOUSE_LOGO_SQUARE-BLACK-150x150.jpg\" alt=\"\" width=\"150\" height=\"150\" srcset=\"https:\/\/pix.house\/wp-content\/uploads\/2015\/08\/PIX_HOUSE_LOGO_SQUARE-BLACK-150x150.jpg 150w, https:\/\/pix.house\/wp-content\/uploads\/2015\/08\/PIX_HOUSE_LOGO_SQUARE-BLACK-100x100.jpg 100w, https:\/\/pix.house\/wp-content\/uploads\/2015\/08\/PIX_HOUSE_LOGO_SQUARE-BLACK-800x800.jpg 800w, https:\/\/pix.house\/wp-content\/uploads\/2015\/08\/PIX_HOUSE_LOGO_SQUARE-BLACK-300x300.jpg 300w, https:\/\/pix.house\/wp-content\/uploads\/2015\/08\/PIX_HOUSE_LOGO_SQUARE-BLACK-768x768.jpg 768w, https:\/\/pix.house\/wp-content\/uploads\/2015\/08\/PIX_HOUSE_LOGO_SQUARE-BLACK-1280x1280.jpg 1280w, https:\/\/pix.house\/wp-content\/uploads\/2015\/08\/PIX_HOUSE_LOGO_SQUARE-BLACK-600x600.jpg 600w, https:\/\/pix.house\/wp-content\/uploads\/2015\/08\/PIX_HOUSE_LOGO_SQUARE-BLACK-550x550.jpg 550w, https:\/\/pix.house\/wp-content\/uploads\/2015\/08\/PIX_HOUSE_LOGO_SQUARE-BLACK-500x500.jpg 500w, https:\/\/pix.house\/wp-content\/uploads\/2015\/08\/PIX_HOUSE_LOGO_SQUARE-BLACK-1000x1000.jpg 1000w, https:\/\/pix.house\/wp-content\/uploads\/2015\/08\/PIX_HOUSE_LOGO_SQUARE-BLACK-700x700.jpg 700w, https:\/\/pix.house\/wp-content\/uploads\/2015\/08\/PIX_HOUSE_LOGO_SQUARE-BLACK-1100x1100.jpg 1100w, https:\/\/pix.house\/wp-content\/uploads\/2015\/08\/PIX_HOUSE_LOGO_SQUARE-BLACK.jpg 2048w\" sizes=\"auto, (max-width: 150px) 100vw, 150px\" \/><\/p>\n\n\t\t<\/div> \n\t<\/div> \n\t<div class=\"wpb_text_column wpb_content_element \">\n\t\t<div class=\"wpb_wrapper\">\n\t\t\t<h2>_ Wsp\u00f3\u0142organizator<\/h2>\n\n\t\t<\/div> \n\t<\/div> \n\t<div class=\"wpb_text_column wpb_content_element \">\n\t\t<div class=\"wpb_wrapper\">\n\t\t\t<p><img loading=\"lazy\" decoding=\"async\" class=\"alignnone wp-image-27070 size-medium\" src=\"http:\/\/pix.house\/wp-content\/uploads\/2017\/09\/arsenal-300x85.png\" alt=\"\" width=\"300\" height=\"85\" srcset=\"https:\/\/pix.house\/wp-content\/uploads\/2017\/09\/arsenal-300x85.png 300w, https:\/\/pix.house\/wp-content\/uploads\/2017\/09\/arsenal.png 600w\" sizes=\"auto, (max-width: 300px) 100vw, 300px\" \/><\/p>\n\n\t\t<\/div> \n\t<\/div> <div class=\"separator  transparent   \" style=\"border-width:1px;margin-top:33px;margin-bottom:0px\"><\/div>\n\n\t<div class=\"wpb_text_column wpb_content_element \">\n\t\t<div class=\"wpb_wrapper\">\n\t\t\t<h2>_ Partnerzy<\/h2>\n\n\t\t<\/div> \n\t<\/div> \n\t<div class=\"wpb_text_column wpb_content_element \">\n\t\t<div class=\"wpb_wrapper\">\n\t\t\t<p><img loading=\"lazy\" decoding=\"async\" class=\"alignnone size-full wp-image-27084\" src=\"http:\/\/pix.house\/wp-content\/uploads\/2017\/09\/szkic_na_strone.jpg\" alt=\"\" width=\"1614\" height=\"453\" srcset=\"https:\/\/pix.house\/wp-content\/uploads\/2017\/09\/szkic_na_strone.jpg 1614w, https:\/\/pix.house\/wp-content\/uploads\/2017\/09\/szkic_na_strone-800x225.jpg 800w, https:\/\/pix.house\/wp-content\/uploads\/2017\/09\/szkic_na_strone-600x168.jpg 600w, https:\/\/pix.house\/wp-content\/uploads\/2017\/09\/szkic_na_strone-300x84.jpg 300w, https:\/\/pix.house\/wp-content\/uploads\/2017\/09\/szkic_na_strone-768x216.jpg 768w, https:\/\/pix.house\/wp-content\/uploads\/2017\/09\/szkic_na_strone-1280x359.jpg 1280w, https:\/\/pix.house\/wp-content\/uploads\/2017\/09\/szkic_na_strone-700x196.jpg 700w, https:\/\/pix.house\/wp-content\/uploads\/2017\/09\/szkic_na_strone-1100x309.jpg 1100w, https:\/\/pix.house\/wp-content\/uploads\/2017\/09\/szkic_na_strone-1320x370.jpg 1320w\" sizes=\"auto, (max-width: 1614px) 100vw, 1614px\" \/><\/p>\n\n\t\t<\/div> \n\t<\/div> \n\t<div class=\"wpb_text_column wpb_content_element \">\n\t\t<div class=\"wpb_wrapper\">\n\t\t\t<h2>_ Partnerzy medialni<\/h2>\n\n\t\t<\/div> \n\t<\/div> \n\t<div class=\"wpb_text_column wpb_content_element \">\n\t\t<div class=\"wpb_wrapper\">\n\t\t\t<p><strong><em><img loading=\"lazy\" decoding=\"async\" class=\"alignnone size-full wp-image-27129\" src=\"http:\/\/pix.house\/wp-content\/uploads\/2017\/09\/medialni_2.jpg\" alt=\"\" width=\"1599\" height=\"237\" srcset=\"https:\/\/pix.house\/wp-content\/uploads\/2017\/09\/medialni_2.jpg 1599w, https:\/\/pix.house\/wp-content\/uploads\/2017\/09\/medialni_2-800x119.jpg 800w, https:\/\/pix.house\/wp-content\/uploads\/2017\/09\/medialni_2-600x89.jpg 600w, https:\/\/pix.house\/wp-content\/uploads\/2017\/09\/medialni_2-300x44.jpg 300w, https:\/\/pix.house\/wp-content\/uploads\/2017\/09\/medialni_2-768x114.jpg 768w, https:\/\/pix.house\/wp-content\/uploads\/2017\/09\/medialni_2-1280x190.jpg 1280w, https:\/\/pix.house\/wp-content\/uploads\/2017\/09\/medialni_2-700x104.jpg 700w, https:\/\/pix.house\/wp-content\/uploads\/2017\/09\/medialni_2-1100x163.jpg 1100w, https:\/\/pix.house\/wp-content\/uploads\/2017\/09\/medialni_2-1320x196.jpg 1320w\" sizes=\"auto, (max-width: 1599px) 100vw, 1599px\" \/>projekt wsp\u00f3\u0142finansowany przez Miasto Pozna\u0144<\/em><\/strong><\/p>\n<p>kurator festiwalu: <strong>Micha\u0142 Sita<\/strong><\/p>\n<p><strong>kontakt do organizator\u00f3w:<\/strong>\u00a0galeria@pix.house | 508 959 029<\/p>\n\n\t\t<\/div> \n\t<\/div> <\/div><\/div><\/div><\/div><\/div><\/div><div     class=\"vc_row wpb_row section vc_row-fluid \" style=' text-align:left;'><div class=\" full_section_inner clearfix\"><div class=\"wpb_column vc_column_container vc_col-sm-12\"><div class=\"vc_column-inner\"><div class=\"wpb_wrapper\">\n\t<div class=\"wpb_single_image wpb_content_element vc_align_center\">\n\t\t<div class=\"wpb_wrapper\">\n\t\t\t\n\t\t\t<div class=\"vc_single_image-wrapper   vc_box_border_grey\"><img loading=\"lazy\" decoding=\"async\" width=\"1500\" height=\"1125\" src=\"https:\/\/pix.house\/wp-content\/uploads\/2017\/09\/21994228_1953567974889901_516935944366448586_o.jpg\" class=\"vc_single_image-img attachment-full\" alt=\"\" title=\"21994228_1953567974889901_516935944366448586_o\" srcset=\"https:\/\/pix.house\/wp-content\/uploads\/2017\/09\/21994228_1953567974889901_516935944366448586_o.jpg 1500w, https:\/\/pix.house\/wp-content\/uploads\/2017\/09\/21994228_1953567974889901_516935944366448586_o-300x225.jpg 300w, https:\/\/pix.house\/wp-content\/uploads\/2017\/09\/21994228_1953567974889901_516935944366448586_o-800x600.jpg 800w, https:\/\/pix.house\/wp-content\/uploads\/2017\/09\/21994228_1953567974889901_516935944366448586_o-600x450.jpg 600w, https:\/\/pix.house\/wp-content\/uploads\/2017\/09\/21994228_1953567974889901_516935944366448586_o-768x576.jpg 768w, https:\/\/pix.house\/wp-content\/uploads\/2017\/09\/21994228_1953567974889901_516935944366448586_o-1280x960.jpg 1280w, https:\/\/pix.house\/wp-content\/uploads\/2017\/09\/21994228_1953567974889901_516935944366448586_o-700x525.jpg 700w, https:\/\/pix.house\/wp-content\/uploads\/2017\/09\/21994228_1953567974889901_516935944366448586_o-1100x825.jpg 1100w, https:\/\/pix.house\/wp-content\/uploads\/2017\/09\/21994228_1953567974889901_516935944366448586_o-1320x990.jpg 1320w\" sizes=\"auto, (max-width: 1500px) 100vw, 1500px\" \/><\/div>\n\t\t<\/div>\n\t<\/div>\n<\/div><\/div><\/div><\/div><\/div>\n<\/div>","protected":false},"excerpt":{"rendered":"XPRINT \/ festiwal ksi\u0105\u017cek fotograficznych | ENGLISH VERSION HERE has\u0142o: d\u0142ugoterminowe strategie fotograficzne \/ long-term projects W drugiej edycji festiwalu ksi\u0105\u017cek fotograficznych XPRINT przygl\u0105damy si\u0119 dzia\u0142aniom na polu fotograficznych publikacji, kt\u00f3re wymagaj\u0105 czasu. Czasu, jaki w obszarze fotograficznego dokumentu b\u0119dzie pozwala\u0142 na weryfikowanie wst\u0119pnych za\u0142o\u017ce\u0144,...","protected":false},"author":11,"featured_media":0,"parent":0,"menu_order":0,"comment_status":"open","ping_status":"open","template":"full_width.php","meta":{"_monsterinsights_skip_tracking":false,"_monsterinsights_sitenote_active":false,"_monsterinsights_sitenote_note":"","_monsterinsights_sitenote_category":0,"footnotes":""},"class_list":["post-26720","page","type-page","status-publish","hentry"],"_links":{"self":[{"href":"https:\/\/pix.house\/en\/wp-json\/wp\/v2\/pages\/26720","targetHints":{"allow":["GET"]}}],"collection":[{"href":"https:\/\/pix.house\/en\/wp-json\/wp\/v2\/pages"}],"about":[{"href":"https:\/\/pix.house\/en\/wp-json\/wp\/v2\/types\/page"}],"author":[{"embeddable":true,"href":"https:\/\/pix.house\/en\/wp-json\/wp\/v2\/users\/11"}],"replies":[{"embeddable":true,"href":"https:\/\/pix.house\/en\/wp-json\/wp\/v2\/comments?post=26720"}],"version-history":[{"count":27,"href":"https:\/\/pix.house\/en\/wp-json\/wp\/v2\/pages\/26720\/revisions"}],"predecessor-version":[{"id":27198,"href":"https:\/\/pix.house\/en\/wp-json\/wp\/v2\/pages\/26720\/revisions\/27198"}],"wp:attachment":[{"href":"https:\/\/pix.house\/en\/wp-json\/wp\/v2\/media?parent=26720"}],"curies":[{"name":"wp","href":"https:\/\/api.w.org\/{rel}","templated":true}]}}