{"id":32172,"date":"2020-07-17T07:51:58","date_gmt":"2020-07-17T05:51:58","guid":{"rendered":"https:\/\/pix.house\/?page_id=32172"},"modified":"2020-09-30T19:24:38","modified_gmt":"2020-09-30T17:24:38","slug":"kws","status":"publish","type":"page","link":"https:\/\/pix.house\/en\/kws\/","title":{"rendered":"Miejsce dla fotografii Pix.house w sieci"},"content":{"rendered":"<div class=\"wpb-content-wrapper\"><div class=\"vc_row wpb_row section vc_row-fluid  full_screen_section\" style=' text-align:left;'><div class=\" full_section_inner clearfix\"><div class=\"wpb_column vc_column_container vc_col-sm-12\"><div class=\"vc_column-inner\"><div class=\"wpb_wrapper\">\n\t<div class=\"wpb_single_image wpb_content_element vc_align_left\">\n\t\t<div class=\"wpb_wrapper\">\n\t\t\t\n\t\t\t<div class=\"vc_single_image-wrapper   vc_box_border_grey\"><img loading=\"lazy\" decoding=\"async\" width=\"2560\" height=\"427\" src=\"https:\/\/pix.house\/wp-content\/uploads\/2020\/07\/pixyyyy-scaled.jpg\" class=\"vc_single_image-img attachment-full\" alt=\"\" title=\"pixyyyy\" srcset=\"https:\/\/pix.house\/wp-content\/uploads\/2020\/07\/pixyyyy-scaled.jpg 2560w, https:\/\/pix.house\/wp-content\/uploads\/2020\/07\/pixyyyy-scaled-800x133.jpg 800w, https:\/\/pix.house\/wp-content\/uploads\/2020\/07\/pixyyyy-scaled-300x50.jpg 300w, https:\/\/pix.house\/wp-content\/uploads\/2020\/07\/pixyyyy-1280x213.jpg 1280w, https:\/\/pix.house\/wp-content\/uploads\/2020\/07\/pixyyyy-768x128.jpg 768w, https:\/\/pix.house\/wp-content\/uploads\/2020\/07\/pixyyyy-600x100.jpg 600w, https:\/\/pix.house\/wp-content\/uploads\/2020\/07\/pixyyyy-1536x256.jpg 1536w, https:\/\/pix.house\/wp-content\/uploads\/2020\/07\/pixyyyy-2048x341.jpg 2048w, https:\/\/pix.house\/wp-content\/uploads\/2020\/07\/pixyyyy-700x117.jpg 700w, https:\/\/pix.house\/wp-content\/uploads\/2020\/07\/pixyyyy-1100x183.jpg 1100w, https:\/\/pix.house\/wp-content\/uploads\/2020\/07\/pixyyyy-1320x220.jpg 1320w\" sizes=\"auto, (max-width: 2560px) 100vw, 2560px\" \/><\/div>\n\t\t<\/div>\n\t<\/div>\n<\/div><\/div><\/div><\/div><\/div><div     class=\"vc_row wpb_row section vc_row-fluid vc_custom_1594970896896 grid_section\" style='background-color:#ffffff; padding-top:40px; padding-bottom:100px; text-align:left;'><div class=\" section_inner clearfix\"><div class='section_inner_margin clearfix'><div class=\"wpb_column vc_column_container vc_col-sm-12\"><div class=\"vc_column-inner\"><div class=\"wpb_wrapper\">\n\t<div class=\"wpb_text_column wpb_content_element \">\n\t\t<div class=\"wpb_wrapper\">\n\t\t\t<h4 style=\"text-align: justify;\"><strong>miejsce dla fotografii Pix.house w sieci<\/strong><\/h4>\n<p style=\"text-align: justify;\">Pix.house to inicjatywa edukacyjna wykorzystuj\u0105ca potencja\u0142 dokumentu fotograficznego. Edukacj\u0119 na tym polu realizujemy nieprzerwanie od kilku lat prowadz\u0105c bezp\u0142atne warsztaty d\u0142ugoterminowe, organizuj\u0105c konkursy, przegl\u0105dy portfolio, wydaj\u0105c ksi\u0105\u017cki, czy organizuj\u0105c liczne wystawy i festiwale po\u0142\u0105czone ze spotkaniami autorskimi.<\/p>\n<p style=\"text-align: justify;\">Nasze dzia\u0142ania opieraj\u0105 si\u0119 w g\u0142\u00f3wnej mierze na bliskim kontakcie z odbiorcami, ale ze wzgl\u0119du na sytuacj\u0119 epidemiczn\u0105 kontynuujemy nasz projekt w nowej ods\u0142onie &#8211; online. Mamy nadziej\u0119, \u017ce wkr\u00f3tce wr\u00f3cimy do Was w &#8222;normalnej formule&#8221;. Tymczasem zapraszamy Was do uczestnictwa w naszych wydarzeniach w przestrzeni wirtualnej. Bez wzgl\u0119du na wszystko <strong>razem tworzymy miejsce dla fotografii Pix.house!<\/strong><\/p>\n\n\t\t<\/div> \n\t<\/div> <div     class=\"vc_row wpb_row vc_inner section vc_row-fluid\" style=' text-align:left;'><div class=\" full_section_inner clearfix\"><div class=\"wpb_column vc_column_container vc_col-sm-12\"><div class=\"vc_column-inner\"><div class=\"wpb_wrapper\">\n\t<div class=\"wpb_text_column wpb_content_element \">\n\t\t<div class=\"wpb_wrapper\">\n\t\t\t<h4><strong>NASZE INICJATYWY:\u00a0<\/strong><\/h4>\n<div id=\"gtx-trans\" style=\"position: absolute; left: -41px; top: -9.22396px;\">\n<div class=\"gtx-trans-icon\"><\/div>\n<\/div>\n\n\t\t<\/div> \n\t<\/div> \n\t<div class=\"wpb_text_column wpb_content_element \">\n\t\t<div class=\"wpb_wrapper\">\n\t\t\t<p><strong>spotkania online \/ live\u00a0<\/strong><\/p>\n<p><em>Rozmowy o fotografii dokumentalnej i publikacjach fotograficznych \/ <span style=\"font-weight: 400;\">prezentacje filmowe ksi\u0105\u017cek fotograficznych.<\/span><\/em><\/p>\n\n\t\t<\/div> \n\t<\/div> \n\t<div class=\"wpb_text_column wpb_content_element \">\n\t\t<div class=\"wpb_wrapper\">\n\t\t\t        <style>\r\n            #player32794{\r\n                width: 100%                \/* margin: 0 auto *\/\r\n            }\r\n                    <\/style>\r\n        <div>\r\n            <div id=\"player32794\" class=\"ytp-player\" data-options=\"{&quot;controls&quot;:[&quot;play-large&quot;,&quot;play&quot;,&quot;progress&quot;,&quot;duration&quot;,&quot;mute&quot;,&quot;volume&quot;,&quot;settings&quot;,&quot;fullscreen&quot;]}\">\r\n                <div class=\"plyr__video-embed embed-container\" id=\"player\">\r\n                    <iframe\r\n                        src=\"https:\/\/www.youtube.com\/embed\/CGwDVmNEpCg\"\r\n                        allowfullscreen\r\n                        allowtransparency\r\n                        allow=\"autoplay\"\r\n                    ><\/iframe>\r\n                <\/div>\r\n               \r\n            <\/div>\r\n        <\/div>\r\n        \n<div id=\"gtx-trans\" style=\"position: absolute; left: -131px; top: 37.5538px;\">\n<div class=\"gtx-trans-icon\"><\/div>\n<\/div>\n\n\t\t<\/div> \n\t<\/div> \n\t<div class=\"wpb_text_column wpb_content_element \">\n\t\t<div class=\"wpb_wrapper\">\n\t\t\t<p>Serdecznie zapraszamy na kolejne spotkanie organizowane przez miejsce dla fotografii Pix.house. Naszym go\u015bciem jest <strong>Diana Lelonek<\/strong>\u00a0 &#8211; urodzona w 1988 roku, absolwentka wydzia\u0142u Komunikacji Multimedialnej Uniwersytetu Artystycznego w Poznaniu, doktorat w dziedzinie sztuki uzyskany na Interdyscyplinarnych Studiach Doktoranckich na UAP. Artystka wizualna. W swojej tw\u00f3rczo\u015bci zajmuje si\u0119 tematem wzajemnych relacji ludzi i innych gatunk\u00f3w oraz redefinicj\u0105 poj\u0119cia natury. Zaanga\u017cowana w dzia\u0142ania na rzecz klimatu. Laureatka mi\u0119dzynarodowych konkurs\u00f3w, m.in. Paszport Polityki w kategorii sztuki wizualne 2019, ShowOFF na Miesi\u0105cu Fotografii w Krakowie, ReGeneration 3 w Mus\u00e9e de l\u2019Elys\u00e9e w Szwajcarii, Nagroda G\u0142\u00f3wna Fundacji Vordemberge-Gildewart 2018, Nominacja do Talent\u00f3w Tr\u00f3jki 2017, Nominacja do Grand Prix Fotofestiwal 2018. Wsp\u00f3\u0142pracuje z warszawsk\u0105 galeri\u0105 lokal_30.<\/p>\n\n\t\t<\/div> \n\t<\/div> \n\t<div class=\"wpb_text_column wpb_content_element \">\n\t\t<div class=\"wpb_wrapper\">\n\t\t\t        <style>\r\n            #player32796{\r\n                width: 100%                \/* margin: 0 auto *\/\r\n            }\r\n                    <\/style>\r\n        <div>\r\n            <div id=\"player32796\" class=\"ytp-player\" data-options=\"{&quot;controls&quot;:[&quot;play-large&quot;,&quot;play&quot;,&quot;progress&quot;,&quot;duration&quot;,&quot;mute&quot;,&quot;volume&quot;,&quot;settings&quot;,&quot;fullscreen&quot;]}\">\r\n                <div class=\"plyr__video-embed embed-container\" id=\"player\">\r\n                    <iframe\r\n                        src=\"https:\/\/www.youtube.com\/embed\/jYWBE4bHddI\"\r\n                        allowfullscreen\r\n                        allowtransparency\r\n                        allow=\"autoplay\"\r\n                    ><\/iframe>\r\n                <\/div>\r\n               \r\n            <\/div>\r\n        <\/div>\r\n        \n<div id=\"gtx-trans\" style=\"position: absolute; left: -131px; top: 37.5538px;\">\n<div class=\"gtx-trans-icon\"><\/div>\n<\/div>\n\n\t\t<\/div> \n\t<\/div> \n\t<div class=\"wpb_text_column wpb_content_element \">\n\t\t<div class=\"wpb_wrapper\">\n\t\t\t<p>Naszym go\u015bciem jest <strong>Anna Bedy\u0144ska<\/strong> &#8211; fotografka, fotoreporterka, dokumentalistka oraz autorka film\u00f3w, wielokrotnie nagradzana na konkursach takich jak World Press Photo, czy Grand Press Photo. Rozmawiamy prosto z Tokyo o nowych projektach Ani, przygotowaniach do wydania ksi\u0105\u017cki oraz o sensie dokumentowania.<\/p>\n\n\t\t<\/div> \n\t<\/div> \n\t<div class=\"wpb_text_column wpb_content_element \">\n\t\t<div class=\"wpb_wrapper\">\n\t\t\t        <style>\r\n            #player32728{\r\n                width: 100%                \/* margin: 0 auto *\/\r\n            }\r\n                    <\/style>\r\n        <div>\r\n            <div id=\"player32728\" class=\"ytp-player\" data-options=\"{&quot;controls&quot;:[&quot;play-large&quot;,&quot;play&quot;,&quot;progress&quot;,&quot;duration&quot;,&quot;mute&quot;,&quot;volume&quot;,&quot;settings&quot;,&quot;fullscreen&quot;]}\">\r\n                <div class=\"plyr__video-embed embed-container\" id=\"player\">\r\n                    <iframe\r\n                        src=\"https:\/\/www.youtube.com\/embed\/FOrnSSZBOBE\"\r\n                        allowfullscreen\r\n                        allowtransparency\r\n                        allow=\"autoplay\"\r\n                    ><\/iframe>\r\n                <\/div>\r\n               \r\n            <\/div>\r\n        <\/div>\r\n        \n<div id=\"gtx-trans\" style=\"position: absolute; left: -132px; top: -10px;\">\n<div class=\"gtx-trans-icon\"><\/div>\n<\/div>\n\n\t\t<\/div> \n\t<\/div> \n\t<div class=\"wpb_text_column wpb_content_element \">\n\t\t<div class=\"wpb_wrapper\">\n\t\t\t<p>Grzegorz Dembi\u0144ski tym razem przygotowa\u0142 bardzo osobist\u0105 opowie\u015b\u0107 fotograficzn\u0105, w kt\u00f3rej g\u0142\u00f3wn\u0105 rol\u0119 kreuje jego niepe\u0142nosprawny, 12-letni syn Jan. Autor przez kilkana\u015bcie miesi\u0119cy przygl\u0105da\u0142 mu si\u0119 z aparatem. Zdj\u0119cia powsta\u0142y podczas wakacji, wsp\u00f3lnych wycieczek, w domu, w drodze do szko\u0142y. Dokumentalne fotografie z\u0142o\u017cy\u0142y si\u0119 w fikcyjn\u0105, poetyck\u0105 nowel\u0119, w kt\u00f3rej \u015bwiat\u0142o odbywa walk\u0119 z cieniem, ukryte spiera si\u0119 z widzialnym, niewypowiedziane staje naprzeciw wyra\u017conego.<\/p>\n<p>Za projekt graficzny odpowiada Ania Na\u0142\u0119cka-Milach.<\/p>\n<p>Autor zbiera obecnie \u015brodki na druk ksi\u0105\u017cki. W serwisie <a href=\"https:\/\/zrzutka.pl\/ekm49r\" target=\"_blank\" rel=\"noopener noreferrer\">zrzutka.pl<\/a> mo\u017cna ju\u017c dzi\u015b zarezerwowa\u0107 egzemplarz \u201eListu\u201d, wspieraj\u0105c jednocze\u015bnie wydanie publikacji. Prosimy o Wasze wsparcie!<\/p>\n\n\t\t<\/div> \n\t<\/div> \n\t<div class=\"wpb_text_column wpb_content_element \">\n\t\t<div class=\"wpb_wrapper\">\n\t\t\t        <style>\r\n            #player32283{\r\n                width: 100%                \/* margin: 0 auto *\/\r\n            }\r\n                    <\/style>\r\n        <div>\r\n            <div id=\"player32283\" class=\"ytp-player\" data-options=\"{&quot;controls&quot;:[&quot;play-large&quot;,&quot;play&quot;,&quot;progress&quot;,&quot;duration&quot;,&quot;mute&quot;,&quot;volume&quot;,&quot;settings&quot;,&quot;fullscreen&quot;]}\">\r\n                <div class=\"plyr__video-embed embed-container\" id=\"player\">\r\n                    <iframe\r\n                        src=\"https:\/\/www.youtube.com\/embed\/pxiQ_w7cwqA\"\r\n                        allowfullscreen\r\n                        allowtransparency\r\n                        allow=\"autoplay\"\r\n                    ><\/iframe>\r\n                <\/div>\r\n               \r\n            <\/div>\r\n        <\/div>\r\n        \n<div id=\"gtx-trans\" style=\"position: absolute; left: -65px; top: 37.5538px;\">\n<div class=\"gtx-trans-icon\"><\/div>\n<\/div>\n\n\t\t<\/div> \n\t<\/div> \n\t<div class=\"wpb_text_column wpb_content_element \">\n\t\t<div class=\"wpb_wrapper\">\n\t\t\t<p style=\"text-align: justify;\">Serdecznie zapraszamy na kolejne spotkanie organizowane przez miejsce dla fotografii Pix.house. <strong>Jukka Male<\/strong> to fi\u0144ski fotograf mieszkaj\u0105cy w Polsce. Obecnie najbardziej anga\u017cuje go film, literatura i muzyka. Znany jest jednak ze swojej fotografii dokumentalnej, kt\u00f3ra by\u0142a prezentowana na wystawach w kilku europejskich krajach. Jukka podr\u00f3\u017cowa\u0142 po Europie, dokumentuj\u0105c \u017cycie codzienne i mieszka\u0144c\u00f3w w wybranych lokalizacjach w Polsce, Finlandii, Grenlandii, Hiszpanii i by\u0142ej Jugos\u0142awii (w trakcie wojny domowej). Fotograf zrealizowa\u0142 kilka projekt\u00f3w dokumentalnych. S\u0105 to mi\u0119dzy innymi: &#8222;\u015arednia Wie\u015b&#8221; &#8211; opowie\u015b\u0107 o bieszczadzkiej wsi po\u0142o\u017conej w po\u0142udniowo-wschodniej Polsce, kt\u00f3ra wci\u0105\u017c nosi trwa\u0142e \u015blady d\u0142ugotrwa\u0142ego konfliktu mi\u0119dzy Polakami i Ukrai\u0144cami. \u201eCo sprawia, \u017ce region centralny Europy jest zap\u00f3\u017anion\u0105 prowincj\u0105? Czasami po prostu nadal wa\u017cniejsze jest to, czego ju\u017c nie ma\u201d. To najd\u0142u\u017cej realizowany projekt fotografa (1979 \u2013 2015).<\/p>\n\n\t\t<\/div> \n\t<\/div> \n\t<div class=\"wpb_text_column wpb_content_element \">\n\t\t<div class=\"wpb_wrapper\">\n\t\t\t        <style>\r\n            #player32268{\r\n                width: 100%                \/* margin: 0 auto *\/\r\n            }\r\n                    <\/style>\r\n        <div>\r\n            <div id=\"player32268\" class=\"ytp-player\" data-options=\"{&quot;controls&quot;:[&quot;play-large&quot;,&quot;play&quot;,&quot;progress&quot;,&quot;duration&quot;,&quot;mute&quot;,&quot;volume&quot;,&quot;settings&quot;,&quot;fullscreen&quot;]}\">\r\n                <div class=\"plyr__video-embed embed-container\" id=\"player\">\r\n                    <iframe\r\n                        src=\"https:\/\/www.youtube.com\/embed\/8gqWBtvzuzI\"\r\n                        allowfullscreen\r\n                        allowtransparency\r\n                        allow=\"autoplay\"\r\n                    ><\/iframe>\r\n                <\/div>\r\n               \r\n            <\/div>\r\n        <\/div>\r\n        \n<div id=\"gtx-trans\" style=\"position: absolute; left: -32px; top: -9.22396px;\">\n<div class=\"gtx-trans-icon\"><\/div>\n<\/div>\n\n\t\t<\/div> \n\t<\/div> \n\t<div class=\"wpb_text_column wpb_content_element \">\n\t\t<div class=\"wpb_wrapper\">\n\t\t\t<p style=\"text-align: justify;\">Serdecznie zapraszamy na spotkanie z cyklu dEkoNstRuKcja ksi\u0105\u017cki. Porozmawiamy o publikacji Pies o dw\u00f3ch ogonach. Przedstawimy kulisy powstawania ksi\u0105\u017cki \u2013 od pomys\u0142u poprzez zdj\u0119cia, edycje i projekt. W nawi\u0105zaniu do pierwszego albumu <strong>Micha\u0142a Adamskiego<\/strong> zastanowimy si\u0119 wsp\u00f3lnie nad procesem tw\u00f3rczym, rozwojem i drog\u0105 jak\u0105 przechodzi fotograf. Porozmawiamy tak\u017ce o sposobie prezentacji fotografii i kontek\u015bcie w jakim si\u0119 pojawia. Poruszymy tak\u017ce temat potrzeby dokumentowania rzeczywisto\u015bci i reagowania na bie\u017c\u0105ce wydarzenia. Rozwiniemy has\u0142o &#8222;Polak, W\u0119gier, dwa bratanki&#8221;. <strong>Udzia\u0142 wzi\u0119li:<\/strong> Ewa Meissner Photography, Filip \u0106wik | NAPO Images \u2013 edycja zdj\u0119\u0107, Andrzej Dobosz &#8211; projektant, Micha\u0142 Adamski &#8211; autor zdj\u0119\u0107, Adrian Wykrota &#8211; prowadzenie<\/p>\n\n\t\t<\/div> \n\t<\/div> \n\t<div class=\"wpb_text_column wpb_content_element \">\n\t\t<div class=\"wpb_wrapper\">\n\t\t\t        <style>\r\n            #player32221{\r\n                width: 100%                \/* margin: 0 auto *\/\r\n            }\r\n                    <\/style>\r\n        <div>\r\n            <div id=\"player32221\" class=\"ytp-player\" data-options=\"{&quot;controls&quot;:[&quot;play-large&quot;,&quot;play&quot;,&quot;progress&quot;,&quot;duration&quot;,&quot;mute&quot;,&quot;volume&quot;,&quot;settings&quot;,&quot;fullscreen&quot;]}\">\r\n                <div class=\"plyr__video-embed embed-container\" id=\"player\">\r\n                    <iframe\r\n                        src=\"https:\/\/www.youtube.com\/embed\/do9FyMWsYIs\"\r\n                        allowfullscreen\r\n                        allowtransparency\r\n                        allow=\"autoplay\"\r\n                    ><\/iframe>\r\n                <\/div>\r\n               \r\n            <\/div>\r\n        <\/div>\r\n        \n\n\t\t<\/div> \n\t<\/div> \n\t<div class=\"wpb_text_column wpb_content_element \">\n\t\t<div class=\"wpb_wrapper\">\n\t\t\t<p style=\"text-align: justify;\">Serdecznie zapraszamy na spotkanie z cyklu dEkoNstRuKcja ksi\u0105\u017cki. Porozmawiamy o publikacji NIE <strong>Adriana Wykroty<\/strong>. Przedstawimy kulisy powstawania ksi\u0105\u017cki \u2013 od zdj\u0119\u0107, makiety pierwotnej, po projekt i teksty. Zastanowimy si\u0119 wsp\u00f3lnie co uda\u0142o si\u0119 osi\u0105gn\u0105\u0107, a kt\u00f3re za\u0142o\u017cenia by\u0142y z perspektywy czasu wr\u0119cz nierealne. Porozmawiamy tak\u017ce o fenomenie dokumentowania \u201ew\u0142asnego podw\u00f3rka\u201d oraz o mo\u017cliwej \u015bcie\u017cce dotarcia do szerszego kr\u0119gu odbiorc\u00f3w publikacji fotograficznej. Na koniec zadamy szereg pyta\u0144 o rol\u0119 fotografa i kontekst opowiadania historii przez pryzmat \u201ew\u0142asnego ja\u201d. <strong>W spotkaniu udzia\u0142 bior\u0105:<\/strong>\u00a0Marcin Matuszak | B\u0119karty \u2013 projektant, Jerzy Pi\u0105tek &#8211; autor tekst\u00f3w, Maciej Fr\u0105ckowiak &#8211; badacz fotografii, Adrian Wykrota &#8211; autor zdj\u0119\u0107<\/p>\n\n\t\t<\/div> \n\t<\/div> \n\t<div class=\"wpb_text_column wpb_content_element \">\n\t\t<div class=\"wpb_wrapper\">\n\t\t\t<p style=\"text-align: justify;\">        <style>\r\n            #player32223{\r\n                width: 100%                \/* margin: 0 auto *\/\r\n            }\r\n                    <\/style>\r\n        <div>\r\n            <div id=\"player32223\" class=\"ytp-player\" data-options=\"{&quot;controls&quot;:[&quot;play-large&quot;,&quot;play&quot;,&quot;progress&quot;,&quot;duration&quot;,&quot;mute&quot;,&quot;volume&quot;,&quot;settings&quot;,&quot;fullscreen&quot;]}\">\r\n                <div class=\"plyr__video-embed embed-container\" id=\"player\">\r\n                    <iframe\r\n                        src=\"https:\/\/www.youtube.com\/embed\/Xj05p8gY8lA\"\r\n                        allowfullscreen\r\n                        allowtransparency\r\n                        allow=\"autoplay\"\r\n                    ><\/iframe>\r\n                <\/div>\r\n               \r\n            <\/div>\r\n        <\/div>\n\n\t\t<\/div> \n\t<\/div> \n\t<div class=\"wpb_text_column wpb_content_element \">\n\t\t<div class=\"wpb_wrapper\">\n\t\t\t<p style=\"text-align: justify;\">Serdecznie zapraszamy na spotkanie z <strong>Mindaugasem Kavaliauskasem<\/strong>. Porozmawiamy o pracy tw\u00f3rczej Mindaugasa oraz o tym, co w fotografii litewskiej jest wa\u017cne, prze\u0142omowe i obowi\u0105zkowe do odkrycia. Zaprezentujemy sylwetki tw\u00f3rczy\u0144 i tw\u00f3rc\u00f3w, porozmawiamy tak\u017ce o litewskich ksi\u0105\u017ckach fotograficznych,<\/p>\n\n\t\t<\/div> \n\t<\/div> \n\t<div class=\"wpb_text_column wpb_content_element \">\n\t\t<div class=\"wpb_wrapper\">\n\t\t\t<p style=\"text-align: justify;\">        <style>\r\n            #player32224{\r\n                width: 100%                \/* margin: 0 auto *\/\r\n            }\r\n                    <\/style>\r\n        <div>\r\n            <div id=\"player32224\" class=\"ytp-player\" data-options=\"{&quot;controls&quot;:[&quot;play-large&quot;,&quot;play&quot;,&quot;progress&quot;,&quot;duration&quot;,&quot;mute&quot;,&quot;volume&quot;,&quot;settings&quot;,&quot;fullscreen&quot;]}\">\r\n                <div class=\"plyr__video-embed embed-container\" id=\"player\">\r\n                    <iframe\r\n                        src=\"https:\/\/www.youtube.com\/embed\/7N_HYzy6nVI\"\r\n                        allowfullscreen\r\n                        allowtransparency\r\n                        allow=\"autoplay\"\r\n                    ><\/iframe>\r\n                <\/div>\r\n               \r\n            <\/div>\r\n        <\/div>\n\n\t\t<\/div> \n\t<\/div> \n\t<div class=\"wpb_text_column wpb_content_element \">\n\t\t<div class=\"wpb_wrapper\">\n\t\t\t<p style=\"text-align: justify;\">Serdecznie zapraszamy na spotkanie z <strong>Mariuszem Foreckim<\/strong> wok\u00f3\u0142 ksi\u0105\u017cki &#8222;Mechanizm. Polska 1988 &#8211; 2019&#8221;. Publikacja zosta\u0142a ksi\u0105\u017ck\u0105 roku Grand Press Photo, zdoby\u0142a wyr\u00f3\u017cnienie na Pictures of the Year International. G\u0142osami czytelnik\u00f3w zaj\u0119\u0142a drugie miejsce w plebiscycie Fotopolis.pl. Podczas spotkania na \u017cywo b\u0119dziemy czeka\u0107 na Wasze pytania &#8211; najlepsze z nich zostanie nagrodzone ksi\u0105\u017ck\u0105 z autografem autora.<\/p>\n\n\t\t<\/div> \n\t<\/div> \n\t<div class=\"wpb_text_column wpb_content_element \">\n\t\t<div class=\"wpb_wrapper\">\n\t\t\t<p><strong>premiery ksi\u0105\u017cek fotograficznych online \/ live\u00a0<\/strong><\/p>\n<p><em>Premiery wielu ciekawych ksi\u0105\u017cek fotograficznych zosta\u0142y zaplanowane na wczesn\u0105 wiosn\u0119. Postanowili\u015bmy umo\u017cliwi\u0107 tw\u00f3rcom prezentacj\u0119 ich publikacji w nowej formule &#8211; online.\u00a0\u00a0<\/em><\/p>\n\n\t\t<\/div> \n\t<\/div> \n\t<div class=\"wpb_text_column wpb_content_element \">\n\t\t<div class=\"wpb_wrapper\">\n\t\t\t        <style>\r\n            #player32799{\r\n                width: 100%                \/* margin: 0 auto *\/\r\n            }\r\n                    <\/style>\r\n        <div>\r\n            <div id=\"player32799\" class=\"ytp-player\" data-options=\"{&quot;controls&quot;:[&quot;play-large&quot;,&quot;play&quot;,&quot;progress&quot;,&quot;duration&quot;,&quot;mute&quot;,&quot;volume&quot;,&quot;settings&quot;,&quot;fullscreen&quot;]}\">\r\n                <div class=\"plyr__video-embed embed-container\" id=\"player\">\r\n                    <iframe\r\n                        src=\"https:\/\/www.youtube.com\/embed\/YKmS2dapFUg\"\r\n                        allowfullscreen\r\n                        allowtransparency\r\n                        allow=\"autoplay\"\r\n                    ><\/iframe>\r\n                <\/div>\r\n               \r\n            <\/div>\r\n        <\/div>\r\n        \n<div id=\"gtx-trans\" style=\"position: absolute; left: -75px; top: 37.5538px;\">\n<div class=\"gtx-trans-icon\"><\/div>\n<\/div>\n\n\t\t<\/div> \n\t<\/div> \n\t<div class=\"wpb_text_column wpb_content_element \">\n\t\t<div class=\"wpb_wrapper\">\n\t\t\t        <style>\r\n            #player32787{\r\n                width: 100%                \/* margin: 0 auto *\/\r\n            }\r\n                    <\/style>\r\n        <div>\r\n            <div id=\"player32787\" class=\"ytp-player\" data-options=\"{&quot;controls&quot;:[&quot;play-large&quot;,&quot;play&quot;,&quot;progress&quot;,&quot;duration&quot;,&quot;mute&quot;,&quot;volume&quot;,&quot;settings&quot;,&quot;fullscreen&quot;]}\">\r\n                <div class=\"plyr__video-embed embed-container\" id=\"player\">\r\n                    <iframe\r\n                        src=\"https:\/\/www.youtube.com\/embed\/HC8mZRY84G0?t=116\"\r\n                        allowfullscreen\r\n                        allowtransparency\r\n                        allow=\"autoplay\"\r\n                    ><\/iframe>\r\n                <\/div>\r\n               \r\n            <\/div>\r\n        <\/div>\r\n        \n<div id=\"gtx-trans\" style=\"position: absolute; left: -131px; top: 37.5538px;\">\n<div class=\"gtx-trans-icon\"><\/div>\n<\/div>\n\n\t\t<\/div> \n\t<\/div> \n\t<div class=\"wpb_text_column wpb_content_element \">\n\t\t<div class=\"wpb_wrapper\">\n\t\t\t<p>Ksi\u0105\u017cka Moniki Piotrowskiej jest konstruowana z setek drobnych \u015blad\u00f3w, kt\u00f3re autorka odnajduje niemal razem z czytelnikiem, ten proces zawarty jest w narracji. Czyta si\u0119 j\u0105 momentami jak niez\u0142y krymina\u0142 lub powie\u015b\u0107 przygodow\u0105. Mn\u00f3stwo w niej odkry\u0107, tak\u017ce du\u017cych \u2013 np. dwudziestotrzyletni zwi\u0105zek z Poznaniem rodziny Jacobich i jako\u015b\u0107 spu\u015bcizny, kt\u00f3r\u0105 po sobie zostawili Sigismund, Lotte i Ruth. Albo rozmach, z jakim cz\u0142onkowie \u015bwie\u017co utworzonego Photographischer Verein zu Posen (Pozna\u0144skie Stowarzyszenie Fotograficzne) powtarzali eksperyment R\u00f6ntgena, wyprzedzaj\u0105c w tym berli\u0144czyk\u00f3w. Zdumienie budzi doskonale zachowany zbi\u00f3r fotografii braci Zieli\u0144skich \u2013 szczerych, bezpo\u015brednich, kt\u00f3re opowiadaj\u0105 o \u017cyciu rodziny przez trzy pokolenia.<\/p>\n\n\t\t<\/div> \n\t<\/div> \n\t<div class=\"wpb_text_column wpb_content_element \">\n\t\t<div class=\"wpb_wrapper\">\n\t\t\t        <style>\r\n            #player32225{\r\n                width: 100%                \/* margin: 0 auto *\/\r\n            }\r\n                    <\/style>\r\n        <div>\r\n            <div id=\"player32225\" class=\"ytp-player\" data-options=\"{&quot;controls&quot;:[&quot;play-large&quot;,&quot;play&quot;,&quot;progress&quot;,&quot;duration&quot;,&quot;mute&quot;,&quot;volume&quot;,&quot;settings&quot;,&quot;fullscreen&quot;]}\">\r\n                <div class=\"plyr__video-embed embed-container\" id=\"player\">\r\n                    <iframe\r\n                        src=\"https:\/\/www.youtube.com\/embed\/NaaZnDIYPi4\"\r\n                        allowfullscreen\r\n                        allowtransparency\r\n                        allow=\"autoplay\"\r\n                    ><\/iframe>\r\n                <\/div>\r\n               \r\n            <\/div>\r\n        <\/div>\r\n        \n\n\t\t<\/div> \n\t<\/div> \n\t<div class=\"wpb_text_column wpb_content_element \">\n\t\t<div class=\"wpb_wrapper\">\n\t\t\t<p>Serdecznie zapraszamy na wyj\u0105tkowe multimedialne wydarzenie. <strong>Piotr Zbierski<\/strong> zaprezentuje swoj\u0105 now\u0105 ksi\u0105\u017ck\u0119 Echoes Shades wprost ze swojej pracowni. Zaczniemy od dyskusji wok\u00f3\u0142 ksi\u0105\u017cki, kt\u00f3r\u0105 poprowadzi Adrian Wykrota. Nast\u0119pnie zaprosimy Was na widowisko multimedialne z udzia\u0142em muzyk\u00f3w z zespo\u0142u Prze\u015bwit. W pokazie zostan\u0105 wykorzystane r\u00f3wnie\u017c nowe, jeszcze niepublikowane materia\u0142y wizualne &#8211; fotografie, filmy, jak r\u00f3wnie\u017c rejestracje czynione na \u017cywo w pracowni w trakcie koncertu. Koncert przybli\u017cy r\u00f3wnie\u017c materia\u0142y, kt\u00f3re znajd\u0105 si\u0119 w kolejnej publikacji planowanej na listopad 2020 roku \u2013 ksi\u0105\u017cce\/obiekcie \u201eEchoes Arch \u2013 small suitcase from the attic\u201d<\/p>\n\n\t\t<\/div> \n\t<\/div> \n\t<div class=\"wpb_text_column wpb_content_element \">\n\t\t<div class=\"wpb_wrapper\">\n\t\t\t<p><strong>przegl\u0105d portfolio dla m\u0142odych tw\u00f3rc\u00f3w<\/strong><\/p>\n<p><em>Finali\u015bci konkursu Talent Roku wezm\u0105 udzia\u0142 w przegl\u0105dzie portfolio \u2013 otrzymaj\u0105 feedback do swoich projekt\u00f3w. Na koniec powalcz\u0105 o tytu\u0142 Talent Roku i nagrod\u0119 finansow\u0105 (2200z\u0142). Projekty uczestnik\u00f3w b\u0119d\u0105 ocenia\u0107 eksperci w dziedzinie fotografii &#8211; Nina Giba (Rybnicki Festiwal Fotografii), Grzegorz Jarmocewicz (Interphoto Bia\u0142ystok), Adrian Wykrota i Mariusz Forecki (Pix.house), ale tak\u017ce publiczno\u015b\u0107. Wsp\u00f3lnie zdecydujemy, kt\u00f3ry projekt ma najwi\u0119ksze oddzia\u0142ywanie spo\u0142eczne.<\/em><\/p>\n<p>W przegl\u0105dzie udzia\u0142 wezm\u0105: Marta Bogda\u0144ska, Julka Ko\u0142odziejczyk, Justyna G\u00f3rniak, Natalia Godek, Marcin Kruk, Tomasz Kawecki, Maciej Ja\u017awiecki<\/p>\n\n\t\t<\/div> \n\t<\/div> <div class=\"vc_empty_space\"   style=\"height: 20px\"><span class=\"vc_empty_space_inner\"><\/span><\/div><div class='qode_image_gallery_no_space dark highlight_active'><div class='qode_image_gallery_holder' style='height: 500px;'><ul><li><div style=\"height: 500px; width:750px;\"><img decoding=\"async\" src=\"https:\/\/pix.house\/wp-content\/uploads\/2020\/07\/maciej-jezwiecki-3.jpg\" alt=\"\" \/><\/div><\/li><li><div style=\"height: 500px; width:601px;\"><img decoding=\"async\" src=\"https:\/\/pix.house\/wp-content\/uploads\/2020\/07\/1593518284-tomasz-kawecki-talent-roku-2020-scholar-2020-4.jpg\" alt=\"\" \/><\/div><\/li><li><div style=\"height: 500px; width:375px;\"><img decoding=\"async\" src=\"https:\/\/pix.house\/wp-content\/uploads\/2020\/07\/1590156439-marcin-kruk-talent-roku-2020-zin-call-2020-2.jpg\" alt=\"\" \/><\/div><\/li><li><div style=\"height: 500px; width:750px;\"><img decoding=\"async\" src=\"https:\/\/pix.house\/wp-content\/uploads\/2020\/07\/natalia-godek-1.jpg\" alt=\"\" \/><\/div><\/li><li><div style=\"height: 500px; width:334px;\"><img decoding=\"async\" src=\"https:\/\/pix.house\/wp-content\/uploads\/2020\/07\/1592902113-justyna-g\u00f3rniak-talent-roku-2020-zin-call-2020-12.jpg\" alt=\"\" \/><\/div><\/li><li><div style=\"height: 500px; width:500px;\"><img decoding=\"async\" src=\"https:\/\/pix.house\/wp-content\/uploads\/2020\/07\/1593022100-julka-ko\u0142odziejczyk-talent-roku-2020-zin-call-2020-11.jpg\" alt=\"\" \/><\/div><\/li><li><div style=\"height: 500px; width:1414px;\"><img decoding=\"async\" src=\"https:\/\/pix.house\/wp-content\/uploads\/2020\/07\/1593551981-marta-bogda\u0144ska-talent-roku-2020-zin-call-2020-2.jpg\" alt=\"\" \/><\/div><\/li><\/ul><\/div><div class=\"controls\"><a class=\"prev-slide\" href=\"#\"><span class=\"arrow_carrot-left\"><\/span><\/a><a class=\"next-slide\" href=\"#\"><span class=\"arrow_carrot-right\"><\/span><\/a><\/div><\/div>\n\t<div class=\"wpb_text_column wpb_content_element \">\n\t\t<div class=\"wpb_wrapper\">\n\t\t\t<p><strong>czas na wasze g\u0142osy<\/strong><\/p>\n<p>Zach\u0119camy do zapoznania si\u0119 i zag\u0142osowania na najlepszy projekt tegorocznego konkursu Talent Roku. Jury podczas przegl\u0105du portfolio ju\u017c odda\u0142o swoje g\u0142osy, teraz czekamy na Was.<\/p>\n<p><strong>zasady:<\/strong><br \/>\nLiczy si\u0119 ka\u017cda \u0142apka w g\u00f3r\u0119 na YT pod filmem finalisty Talent Roku. Pod uwag\u0119 bierzemy pozytywne oceny (\u0142apki w g\u00f3r\u0119), oceny negatywne (\u0142apki w d\u00f3\u0142) si\u0119 nie licz\u0105. W\u015br\u00f3d os\u00f3b, kt\u00f3re zag\u0142osuj\u0105 i zasubskrybuj\u0105 nasz kana\u0142 wylosujemy zestaw ksi\u0105\u017cek Pix.house o warto\u015bci 500 z\u0142. Film z najwi\u0119ksz\u0105 liczb\u0105 g\u0142os\u00f3w otrzyma 3 punkty. Drugi w kolejno\u015bci film otrzyma 2 punkty. Trzeci film otrzyma 1 punkt.<\/p>\n<p><strong>g\u0142osowanie trwa do 23.09 18:00.<\/strong><\/p>\n<p><a href=\"https:\/\/bit.ly\/3hviPXC\" target=\"_blank\" rel=\"noopener noreferrer\">link do playlisty ze wszystkimi filmami.<\/a><\/p>\n\n\t\t<\/div> \n\t<\/div> \n\t<div class=\"wpb_raw_code wpb_raw_html wpb_content_element\" >\n\t\t<div class=\"wpb_wrapper\">\n\t\t\t<iframe loading=\"lazy\" width=\"1100\" height=\"600\" src=\"https:\/\/www.youtube.com\/embed\/videoseries?list=PLz2vrRxJvYMwe_xGGWkERFN2AzGf2tbg9\" frameborder=\"0\" allow=\"accelerometer; autoplay; clipboard-write; encrypted-media; gyroscope; picture-in-picture\" allowfullscreen><\/iframe>\n\t\t<\/div>\n\t<\/div>\n\n\t<div class=\"wpb_text_column wpb_content_element \">\n\t\t<div class=\"wpb_wrapper\">\n\t\t\t<p><strong>Tomasz Kawecki zwyci\u0119zc\u0105 przegl\u0105du portfolio Talent Roku!<\/strong><\/p>\n<p>Po zliczeniu g\u0142os\u00f3w jury oraz g\u0142os\u00f3w od Was znamy zwyci\u0119zc\u0119 przegl\u0105du portfolio #talentroku.<\/p>\n<p>Wyniki s\u0105 nast\u0119puj\u0105ce:<\/p>\n<p>Marcin Kruk &#8211; 11 pkt jury + 1 pkt od publiczno\u015bci (\u0142\u0105cznie 12 pkt)<br \/>\nMarta Bogda\u0144ska &#8211; 14 pkt jury + 2 pkt od publiczno\u015bci (\u0142\u0105cznie 16 pkt)<br \/>\nTomasz Kawecki &#8211; 14 pkt jury + 3 pkt od publiczno\u015bci (\u0142\u0105cznie 17 pkt)<\/p>\n<p>&nbsp;<\/p>\n<p>Przegl\u0105d wygrywa g\u0142osami jury i publiczno\u015bci Tomasz Kawecki!<\/p>\n<p>&nbsp;<\/p>\n<p>Ze wzgl\u0119du na zaci\u0119t\u0105 rywalizacj\u0119 nagroda g\u0142\u00f3wna zostaje podzielona na Tomasza Kaweckiego(1500 z\u0142) oraz Mart\u0119 Bogda\u0144sk\u0105 (700 z\u0142) Marcin Kruk otrzymuje zestaw publikacji Pix.house.<\/p>\n<p>Dzi\u0119kujemy wszystkim uczestnikom przegl\u0105du &#8211; wszyscy jeste\u015bcie zwyci\u0119zcami &#8211; robicie kawa\u0142 \u015bwietnej fotograficznej roboty.<\/p>\n<p>Serdecznie gratulujemy wyr\u00f3\u017cnionym! Dzi\u0119kujemy tak\u017ce za setki Waszych g\u0142os\u00f3w oddanych na finalist\u00f3w przegl\u0105du.<\/p>\n\n\t\t<\/div> \n\t<\/div> \n\t<div class=\"wpb_text_column wpb_content_element \">\n\t\t<div class=\"wpb_wrapper\">\n\t\t\t<p><b>Tomasz Kawecki &#8222;Le\u017ce&#8221;<\/b><\/p>\n\n\t\t<\/div> \n\t<\/div> <div class='qode_image_gallery_no_space dark highlight_active'><div class='qode_image_gallery_holder' style='height: 500px;'><ul><li><div style=\"height: 500px; width:410px;\"><img decoding=\"async\" src=\"https:\/\/pix.house\/wp-content\/uploads\/2020\/09\/Tomasz-Kawecki-1-of-30.jpg\" alt=\"\" \/><\/div><\/li><li><div style=\"height: 500px; width:622px;\"><img decoding=\"async\" src=\"https:\/\/pix.house\/wp-content\/uploads\/2020\/09\/Tomasz-Kawecki-2-of-30.jpg\" alt=\"\" \/><\/div><\/li><li><div style=\"height: 500px; width:396px;\"><img decoding=\"async\" src=\"https:\/\/pix.house\/wp-content\/uploads\/2020\/09\/Tomasz-Kawecki-3-of-30.jpg\" alt=\"\" \/><\/div><\/li><li><div style=\"height: 500px; width:397px;\"><img decoding=\"async\" src=\"https:\/\/pix.house\/wp-content\/uploads\/2020\/09\/Tomasz-Kawecki-4-of-30.jpg\" alt=\"\" \/><\/div><\/li><li><div style=\"height: 500px; width:356px;\"><img decoding=\"async\" src=\"https:\/\/pix.house\/wp-content\/uploads\/2020\/09\/Tomasz-Kawecki-5-of-30.jpg\" alt=\"\" \/><\/div><\/li><li><div style=\"height: 500px; width:408px;\"><img decoding=\"async\" src=\"https:\/\/pix.house\/wp-content\/uploads\/2020\/09\/Tomasz-Kawecki-6-of-30.jpg\" alt=\"\" \/><\/div><\/li><li><div style=\"height: 500px; width:417px;\"><img decoding=\"async\" src=\"https:\/\/pix.house\/wp-content\/uploads\/2020\/09\/Tomasz-Kawecki-7-of-30.jpg\" alt=\"\" \/><\/div><\/li><li><div style=\"height: 500px; width:514px;\"><img decoding=\"async\" src=\"https:\/\/pix.house\/wp-content\/uploads\/2020\/09\/Tomasz-Kawecki-8-of-30.jpg\" alt=\"\" \/><\/div><\/li><li><div style=\"height: 500px; width:588px;\"><img decoding=\"async\" src=\"https:\/\/pix.house\/wp-content\/uploads\/2020\/09\/Tomasz-Kawecki-9-of-30.jpg\" alt=\"\" \/><\/div><\/li><li><div style=\"height: 500px; width:602px;\"><img decoding=\"async\" src=\"https:\/\/pix.house\/wp-content\/uploads\/2020\/09\/Tomasz-Kawecki-10-of-30.jpg\" alt=\"\" \/><\/div><\/li><li><div style=\"height: 500px; width:732px;\"><img decoding=\"async\" src=\"https:\/\/pix.house\/wp-content\/uploads\/2020\/09\/Tomasz-Kawecki-11-of-30.jpg\" alt=\"\" \/><\/div><\/li><li><div style=\"height: 500px; width:649px;\"><img decoding=\"async\" src=\"https:\/\/pix.house\/wp-content\/uploads\/2020\/09\/Tomasz-Kawecki-12-of-30.jpg\" alt=\"\" \/><\/div><\/li><li><div style=\"height: 500px; width:600px;\"><img decoding=\"async\" src=\"https:\/\/pix.house\/wp-content\/uploads\/2020\/09\/Tomasz-Kawecki-13-of-30.jpg\" alt=\"\" \/><\/div><\/li><li><div style=\"height: 500px; width:398px;\"><img decoding=\"async\" src=\"https:\/\/pix.house\/wp-content\/uploads\/2020\/09\/Tomasz-Kawecki-14-of-30.jpg\" alt=\"\" \/><\/div><\/li><li><div style=\"height: 500px; width:345px;\"><img decoding=\"async\" src=\"https:\/\/pix.house\/wp-content\/uploads\/2020\/09\/Tomasz-Kawecki-15-of-30.jpg\" alt=\"\" \/><\/div><\/li><li><div style=\"height: 500px; width:600px;\"><img decoding=\"async\" src=\"https:\/\/pix.house\/wp-content\/uploads\/2020\/09\/Tomasz-Kawecki-16-of-30.jpg\" alt=\"\" \/><\/div><\/li><li><div style=\"height: 500px; width:320px;\"><img decoding=\"async\" src=\"https:\/\/pix.house\/wp-content\/uploads\/2020\/09\/Tomasz-Kawecki-17-of-30.jpg\" alt=\"\" \/><\/div><\/li><li><div style=\"height: 500px; width:396px;\"><img decoding=\"async\" src=\"https:\/\/pix.house\/wp-content\/uploads\/2020\/09\/Tomasz-Kawecki-18-of-30.jpg\" alt=\"\" \/><\/div><\/li><li><div style=\"height: 500px; width:733px;\"><img decoding=\"async\" src=\"https:\/\/pix.house\/wp-content\/uploads\/2020\/09\/Tomasz-Kawecki-19-of-30.jpg\" alt=\"\" \/><\/div><\/li><li><div style=\"height: 500px; width:604px;\"><img decoding=\"async\" src=\"https:\/\/pix.house\/wp-content\/uploads\/2020\/09\/Tomasz-Kawecki-20-of-30.jpg\" alt=\"\" \/><\/div><\/li><li><div style=\"height: 500px; width:698px;\"><img decoding=\"async\" src=\"https:\/\/pix.house\/wp-content\/uploads\/2020\/09\/Tomasz-Kawecki-21-of-30.jpg\" alt=\"\" \/><\/div><\/li><li><div style=\"height: 500px; width:612px;\"><img decoding=\"async\" src=\"https:\/\/pix.house\/wp-content\/uploads\/2020\/09\/Tomasz-Kawecki-22-of-30.jpg\" alt=\"\" \/><\/div><\/li><li><div style=\"height: 500px; width:771px;\"><img decoding=\"async\" src=\"https:\/\/pix.house\/wp-content\/uploads\/2020\/09\/Tomasz-Kawecki-23-of-30.jpg\" alt=\"\" \/><\/div><\/li><li><div style=\"height: 500px; width:789px;\"><img decoding=\"async\" src=\"https:\/\/pix.house\/wp-content\/uploads\/2020\/09\/Tomasz-Kawecki-24-of-30.jpg\" alt=\"\" \/><\/div><\/li><li><div style=\"height: 500px; width:629px;\"><img decoding=\"async\" src=\"https:\/\/pix.house\/wp-content\/uploads\/2020\/09\/Tomasz-Kawecki-25-of-30.jpg\" alt=\"\" \/><\/div><\/li><li><div style=\"height: 500px; width:632px;\"><img decoding=\"async\" src=\"https:\/\/pix.house\/wp-content\/uploads\/2020\/09\/Tomasz-Kawecki-26-of-30.jpg\" alt=\"\" \/><\/div><\/li><li><div style=\"height: 500px; width:626px;\"><img decoding=\"async\" src=\"https:\/\/pix.house\/wp-content\/uploads\/2020\/09\/Tomasz-Kawecki-27-of-30.jpg\" alt=\"\" \/><\/div><\/li><li><div style=\"height: 500px; width:625px;\"><img decoding=\"async\" src=\"https:\/\/pix.house\/wp-content\/uploads\/2020\/09\/Tomasz-Kawecki-28-of-30.jpg\" alt=\"\" \/><\/div><\/li><li><div style=\"height: 500px; width:627px;\"><img decoding=\"async\" src=\"https:\/\/pix.house\/wp-content\/uploads\/2020\/09\/Tomasz-Kawecki-29-of-30.jpg\" alt=\"\" \/><\/div><\/li><li><div style=\"height: 500px; width:394px;\"><img decoding=\"async\" src=\"https:\/\/pix.house\/wp-content\/uploads\/2020\/09\/Tomasz-Kawecki-30-of-30.jpg\" alt=\"\" \/><\/div><\/li><\/ul><\/div><div class=\"controls\"><a class=\"prev-slide\" href=\"#\"><span class=\"arrow_carrot-left\"><\/span><\/a><a class=\"next-slide\" href=\"#\"><span class=\"arrow_carrot-right\"><\/span><\/a><\/div><\/div>\n\t<div class=\"wpb_text_column wpb_content_element \">\n\t\t<div class=\"wpb_wrapper\">\n\t\t\t<p><strong>konsultacje fotograficzne online<\/strong><\/p>\n<p><em>W czasie lockdownu zaprosili\u015bmy fotografki i fotograf\u00f3w do udzia\u0142u w bezp\u0142atnych konsultacjach fotograficznych online. Rozmawiali\u015bmy o pomys\u0142ach na kontynuacj\u0119 projekt\u00f3w dokumentalnych, o warsztacie i sposobach fotografowania. Zapraszamy do obejrzenia 17 odcink\u00f3w konsultacji.<\/em><\/p>\n\n\t\t<\/div> \n\t<\/div> \n\t<div class=\"wpb_raw_code wpb_raw_html wpb_content_element\" >\n\t\t<div class=\"wpb_wrapper\">\n\t\t\t<iframe loading=\"lazy\" width=\"1100\" height=\"600\" src=\"https:\/\/www.youtube.com\/embed\/videoseries?list=PLz2vrRxJvYMw9_r-vyQkTKz35mvpNLJHk\" frameborder=\"0\" allow=\"accelerometer; autoplay; encrypted-media; gyroscope; picture-in-picture\" allowfullscreen><\/iframe>\n\t\t<\/div>\n\t<\/div>\n\n\t<div class=\"wpb_text_column wpb_content_element \">\n\t\t<div class=\"wpb_wrapper\">\n\t\t\t<p><strong>vlogi fotograficzne<\/strong><\/p>\n<p><i>Zapraszamy na vlogi fotograficzne Pix.house &#8211; opowiadamy o technicznych aspektach fotografii. Uczymy tak\u017ce &#8222;my\u015ble\u0107 fotografi\u0105&#8221;.\u00a0<\/i><\/p>\n\n\t\t<\/div> \n\t<\/div> \n\t<div class=\"wpb_text_column wpb_content_element \">\n\t\t<div class=\"wpb_wrapper\">\n\t\t\t        <style>\r\n            #player32226{\r\n                width: 100%                \/* margin: 0 auto *\/\r\n            }\r\n                    <\/style>\r\n        <div>\r\n            <div id=\"player32226\" class=\"ytp-player\" data-options=\"{&quot;controls&quot;:[&quot;play-large&quot;,&quot;play&quot;,&quot;progress&quot;,&quot;duration&quot;,&quot;mute&quot;,&quot;volume&quot;,&quot;settings&quot;,&quot;fullscreen&quot;]}\">\r\n                <div class=\"plyr__video-embed embed-container\" id=\"player\">\r\n                    <iframe\r\n                        src=\"https:\/\/www.youtube.com\/embed\/RDCnI7yh-Cs\"\r\n                        allowfullscreen\r\n                        allowtransparency\r\n                        allow=\"autoplay\"\r\n                    ><\/iframe>\r\n                <\/div>\r\n               \r\n            <\/div>\r\n        <\/div>\r\n        \n\n\t\t<\/div> \n\t<\/div> \n\t<div class=\"wpb_text_column wpb_content_element \">\n\t\t<div class=\"wpb_wrapper\">\n\t\t\t<p><strong>obszerne fragmenty ksi\u0105\u017cek o fotografii do pobrania<\/strong><\/p>\n<p>Przygotowali\u015bmy dla Was obszerne fragmenty trzech naszych publikacji o fotografii:<br \/>\n&#8222;Fotograf poeta. Katastrofa humanist\u00f3w&#8221;. Marcina Burasa oraz dwie cz\u0119\u015bci ksi\u0105\u017cki &#8222;Kruche Medium. Rozmowy o fotografii&#8221;. Macieja Fr\u0105ckowiaka.<\/p>\n<p><strong><a href=\"https:\/\/bit.ly\/2x6X1A4\" target=\"_blank\" rel=\"noopener noreferrer\">Zapraszamy do bezp\u0142atnego pobierania.<\/a><\/strong><\/p>\n\n\t\t<\/div> \n\t<\/div> \n\t<div class=\"wpb_single_image wpb_content_element vc_align_left\">\n\t\t<div class=\"wpb_wrapper\">\n\t\t\t\n\t\t\t<div class=\"vc_single_image-wrapper   vc_box_border_grey\"><img loading=\"lazy\" decoding=\"async\" width=\"1865\" height=\"876\" src=\"https:\/\/pix.house\/wp-content\/uploads\/2020\/03\/promkapix.jpg\" class=\"vc_single_image-img attachment-full\" alt=\"\" title=\"promkapix\" srcset=\"https:\/\/pix.house\/wp-content\/uploads\/2020\/03\/promkapix.jpg 1865w, https:\/\/pix.house\/wp-content\/uploads\/2020\/03\/promkapix-800x376.jpg 800w, https:\/\/pix.house\/wp-content\/uploads\/2020\/03\/promkapix-300x141.jpg 300w, https:\/\/pix.house\/wp-content\/uploads\/2020\/03\/promkapix-1280x601.jpg 1280w, https:\/\/pix.house\/wp-content\/uploads\/2020\/03\/promkapix-768x361.jpg 768w, https:\/\/pix.house\/wp-content\/uploads\/2020\/03\/promkapix-600x282.jpg 600w, https:\/\/pix.house\/wp-content\/uploads\/2020\/03\/promkapix-1536x721.jpg 1536w, https:\/\/pix.house\/wp-content\/uploads\/2020\/03\/promkapix-700x329.jpg 700w, https:\/\/pix.house\/wp-content\/uploads\/2020\/03\/promkapix-1100x517.jpg 1100w, https:\/\/pix.house\/wp-content\/uploads\/2020\/03\/promkapix-1320x620.jpg 1320w\" sizes=\"auto, (max-width: 1865px) 100vw, 1865px\" \/><\/div>\n\t\t<\/div>\n\t<\/div>\n<\/div><\/div><\/div><\/div><\/div><\/div><\/div><\/div><div class=\"wpb_column vc_column_container vc_col-sm-12\"><div class=\"vc_column-inner\"><div class=\"wpb_wrapper\"><\/div><\/div><\/div><\/div><\/div><\/div><div     class=\"vc_row wpb_row section vc_row-fluid vc_custom_1594976072184\" style='background-color:#ffffff; padding-top:50px; padding-bottom:50px; text-align:left;'><div class=\" full_section_inner clearfix\"><div class=\"wpb_column vc_column_container vc_col-sm-12\"><div class=\"vc_column-inner\"><div class=\"wpb_wrapper\">\n\t<div class=\"wpb_text_column wpb_content_element \">\n\t\t<div class=\"wpb_wrapper\">\n\t\t\t<p><strong>\u00a0 \u00a0 \u00a0 \u00a0 \u00a0 \u00a0partner g\u0142\u00f3wny \/ finansowanie<\/strong><\/p>\n\n\t\t<\/div> \n\t<\/div> <\/div><\/div><\/div><\/div><\/div><div     class=\"vc_row wpb_row section vc_row-fluid  full_screen_section\" style=' text-align:left;'><div class=\" full_section_inner clearfix\"><div class=\"wpb_column vc_column_container vc_col-sm-12\"><div class=\"vc_column-inner\"><div class=\"wpb_wrapper\">\n\t<div class=\"wpb_single_image wpb_content_element vc_align_left\">\n\t\t<div class=\"wpb_wrapper\">\n\t\t\t\n\t\t\t<div class=\"vc_single_image-wrapper   vc_box_border_grey\"><img loading=\"lazy\" decoding=\"async\" width=\"1100\" height=\"168\" src=\"https:\/\/pix.house\/wp-content\/uploads\/2020\/07\/baner-nck-wwwok.jpg\" class=\"vc_single_image-img attachment-full\" alt=\"\" title=\"baner nck wwwok\" srcset=\"https:\/\/pix.house\/wp-content\/uploads\/2020\/07\/baner-nck-wwwok.jpg 1100w, https:\/\/pix.house\/wp-content\/uploads\/2020\/07\/baner-nck-wwwok-800x122.jpg 800w, https:\/\/pix.house\/wp-content\/uploads\/2020\/07\/baner-nck-wwwok-300x46.jpg 300w, https:\/\/pix.house\/wp-content\/uploads\/2020\/07\/baner-nck-wwwok-768x117.jpg 768w, https:\/\/pix.house\/wp-content\/uploads\/2020\/07\/baner-nck-wwwok-600x92.jpg 600w, https:\/\/pix.house\/wp-content\/uploads\/2020\/07\/baner-nck-wwwok-700x107.jpg 700w\" sizes=\"auto, (max-width: 1100px) 100vw, 1100px\" \/><\/div>\n\t\t<\/div>\n\t<\/div>\n<\/div><\/div><\/div><\/div><\/div><div     class=\"vc_row wpb_row section vc_row-fluid vc_custom_1594976091116\" style='background-color:#ffffff; padding-top:50px; padding-bottom:50px; text-align:left;'><div class=\" full_section_inner clearfix\"><div class=\"wpb_column vc_column_container vc_col-sm-12\"><div class=\"vc_column-inner\"><div class=\"wpb_wrapper\">\n\t<div class=\"wpb_text_column wpb_content_element \">\n\t\t<div class=\"wpb_wrapper\">\n\t\t\t<p><strong>\u00a0 \u00a0 \u00a0 \u00a0 \u00a0 \u00a0 patronat medialny<\/strong><\/p>\n\n\t\t<\/div> \n\t<\/div> <\/div><\/div><\/div><\/div><\/div><div     class=\"vc_row wpb_row section vc_row-fluid  full_screen_section\" style=' text-align:left;'><div class=\" full_section_inner clearfix\"><div class=\"wpb_column vc_column_container vc_col-sm-12\"><div class=\"vc_column-inner\"><div class=\"wpb_wrapper\">\n\t<div class=\"wpb_single_image wpb_content_element vc_align_left\">\n\t\t<div class=\"wpb_wrapper\">\n\t\t\t\n\t\t\t<div class=\"vc_single_image-wrapper   vc_box_border_grey\"><img loading=\"lazy\" decoding=\"async\" width=\"1100\" height=\"142\" src=\"https:\/\/pix.house\/wp-content\/uploads\/2020\/07\/patronaty-medialne-kws2.jpg\" class=\"vc_single_image-img attachment-full\" alt=\"\" title=\"patronaty medialne kws2\" srcset=\"https:\/\/pix.house\/wp-content\/uploads\/2020\/07\/patronaty-medialne-kws2.jpg 1100w, https:\/\/pix.house\/wp-content\/uploads\/2020\/07\/patronaty-medialne-kws2-800x103.jpg 800w, https:\/\/pix.house\/wp-content\/uploads\/2020\/07\/patronaty-medialne-kws2-300x39.jpg 300w, https:\/\/pix.house\/wp-content\/uploads\/2020\/07\/patronaty-medialne-kws2-768x99.jpg 768w, https:\/\/pix.house\/wp-content\/uploads\/2020\/07\/patronaty-medialne-kws2-600x77.jpg 600w, https:\/\/pix.house\/wp-content\/uploads\/2020\/07\/patronaty-medialne-kws2-700x90.jpg 700w\" sizes=\"auto, (max-width: 1100px) 100vw, 1100px\" \/><\/div>\n\t\t<\/div>\n\t<\/div>\n<\/div><\/div><\/div><\/div><\/div><div     class=\"vc_row wpb_row section vc_row-fluid  full_screen_section\" style=' text-align:left;'><div class=\" full_section_inner clearfix\"><div class=\"wpb_column vc_column_container vc_col-sm-12\"><div class=\"vc_column-inner\"><div class=\"wpb_wrapper\">\n\t<div class=\"wpb_single_image wpb_content_element vc_align_left\">\n\t\t<div class=\"wpb_wrapper\">\n\t\t\t\n\t\t\t<div class=\"vc_single_image-wrapper   vc_box_border_grey\"><img loading=\"lazy\" decoding=\"async\" width=\"2560\" height=\"427\" src=\"https:\/\/pix.house\/wp-content\/uploads\/2020\/07\/pixyyyy-scaled.jpg\" class=\"vc_single_image-img attachment-full\" alt=\"\" title=\"pixyyyy\" srcset=\"https:\/\/pix.house\/wp-content\/uploads\/2020\/07\/pixyyyy-scaled.jpg 2560w, https:\/\/pix.house\/wp-content\/uploads\/2020\/07\/pixyyyy-scaled-800x133.jpg 800w, https:\/\/pix.house\/wp-content\/uploads\/2020\/07\/pixyyyy-scaled-300x50.jpg 300w, https:\/\/pix.house\/wp-content\/uploads\/2020\/07\/pixyyyy-1280x213.jpg 1280w, https:\/\/pix.house\/wp-content\/uploads\/2020\/07\/pixyyyy-768x128.jpg 768w, https:\/\/pix.house\/wp-content\/uploads\/2020\/07\/pixyyyy-600x100.jpg 600w, https:\/\/pix.house\/wp-content\/uploads\/2020\/07\/pixyyyy-1536x256.jpg 1536w, https:\/\/pix.house\/wp-content\/uploads\/2020\/07\/pixyyyy-2048x341.jpg 2048w, https:\/\/pix.house\/wp-content\/uploads\/2020\/07\/pixyyyy-700x117.jpg 700w, https:\/\/pix.house\/wp-content\/uploads\/2020\/07\/pixyyyy-1100x183.jpg 1100w, https:\/\/pix.house\/wp-content\/uploads\/2020\/07\/pixyyyy-1320x220.jpg 1320w\" sizes=\"auto, (max-width: 2560px) 100vw, 2560px\" \/><\/div>\n\t\t<\/div>\n\t<\/div>\n<\/div><\/div><\/div><\/div><\/div>\n<\/div>","protected":false},"excerpt":{"rendered":"miejsce dla fotografii Pix.house w sieci Pix.house to inicjatywa edukacyjna wykorzystuj\u0105ca potencja\u0142 dokumentu fotograficznego. Edukacj\u0119 na tym polu realizujemy nieprzerwanie od kilku lat prowadz\u0105c bezp\u0142atne warsztaty d\u0142ugoterminowe, organizuj\u0105c konkursy, przegl\u0105dy portfolio, wydaj\u0105c ksi\u0105\u017cki, czy organizuj\u0105c liczne wystawy i festiwale po\u0142\u0105czone ze spotkaniami autorskimi. Nasze dzia\u0142ania...","protected":false},"author":11,"featured_media":0,"parent":0,"menu_order":0,"comment_status":"open","ping_status":"open","template":"full_width.php","meta":{"_monsterinsights_skip_tracking":false,"_monsterinsights_sitenote_active":false,"_monsterinsights_sitenote_note":"","_monsterinsights_sitenote_category":0,"footnotes":""},"class_list":["post-32172","page","type-page","status-publish","hentry"],"_links":{"self":[{"href":"https:\/\/pix.house\/en\/wp-json\/wp\/v2\/pages\/32172","targetHints":{"allow":["GET"]}}],"collection":[{"href":"https:\/\/pix.house\/en\/wp-json\/wp\/v2\/pages"}],"about":[{"href":"https:\/\/pix.house\/en\/wp-json\/wp\/v2\/types\/page"}],"author":[{"embeddable":true,"href":"https:\/\/pix.house\/en\/wp-json\/wp\/v2\/users\/11"}],"replies":[{"embeddable":true,"href":"https:\/\/pix.house\/en\/wp-json\/wp\/v2\/comments?post=32172"}],"version-history":[{"count":59,"href":"https:\/\/pix.house\/en\/wp-json\/wp\/v2\/pages\/32172\/revisions"}],"predecessor-version":[{"id":32847,"href":"https:\/\/pix.house\/en\/wp-json\/wp\/v2\/pages\/32172\/revisions\/32847"}],"wp:attachment":[{"href":"https:\/\/pix.house\/en\/wp-json\/wp\/v2\/media?parent=32172"}],"curies":[{"name":"wp","href":"https:\/\/api.w.org\/{rel}","templated":true}]}}