{"id":23529,"date":"2016-07-31T13:33:05","date_gmt":"2016-07-31T11:33:05","guid":{"rendered":"http:\/\/pix.house\/?post_type=product&#038;p=23529"},"modified":"2026-03-01T06:56:02","modified_gmt":"2026-03-01T05:56:02","slug":"nie-moge-przebrnac-przez-chaos-michal-adamski-ksiazka","status":"publish","type":"product","link":"https:\/\/pix.house\/en\/product\/nie-moge-przebrnac-przez-chaos-michal-adamski-ksiazka\/","title":{"rendered":"Nie mog\u0119 przebrn\u0105\u0107 przez chaos | Micha\u0142 Adamski"},"content":{"rendered":"<p>Ksi\u0105\u017cka &#8222;Nie mog\u0119 przebrn\u0105\u0107 przez chaos&#8221; to zapis zmagania si\u0119 autora ze \u015bmierci\u0105 rodzic\u00f3w. Oboje odeszli w tym samym roku, w tym samym szpitalu, po kilku miesi\u0105cach sp\u0119dzonych w \u0142\u00f3\u017cku. Micha\u0142 Adamski towarzyszy\u0142 im do ostatniego oddechu. Zdj\u0119cia powstawa\u0142y w przerwach pomi\u0119dzy opiek\u0105 a urywanymi rozmowami. Ci\u0119\u017cko rozmawia si\u0119 z kim\u015b wiedz\u0105c, \u017ce ten kto\u015b umiera, dlatego fotografia sta\u0142a si\u0119 jego tarcz\u0105, kt\u00f3ra pozwoli\u0142a przetrwa\u0107 ten trudny czas. Spok\u00f3j, kt\u00f3ry nastaje po ostatnim po\u017cegnaniu, jest tylko pozorny.<\/p>\n<p>&#8222;To by\u0142 dla mnie ci\u0119\u017cki rok&#8221; &#8211; m\u00f3wi Micha\u0142 Adamski. &#8222;Przygl\u0105da\u0142em si\u0119 powolnemu umieraniu moich rodzic\u00f3w. Pomimo ich podesz\u0142ego wieku nie by\u0142em przygotowany na ich \u015bmier\u0107. Nie by\u0142o mi \u0142atwo wej\u015b\u0107 do pustego domu, gdzie uderzy\u0142a mnie przygniataj\u0105ca cisza i rzeczy, kt\u00f3re sta\u0142y, jakby rodzice wyszli na chwil\u0119. Fotografowa\u0142em mam\u0119 zanim trafi\u0142a do szpitala, ale dopiero gdy u\u015bwiadomi\u0142em sobie, \u017ce odchodzi, poczu\u0142em, jak to jest wa\u017cne. Potrzebowa\u0142em tych fotografii, \u017ceby nie zwariowa\u0107, \u017ceby m\u00f3c na chwil\u0119 zebra\u0107 my\u015bli. Chcia\u0142em zamkn\u0105\u0107 te zdj\u0119cia w formie albumu, aby moc zako\u0144czy\u0107 ten etap \u017cycia. Praca przy tej ksi\u0105\u017cce pozwoli\u0142a mi si\u0119 oswoi\u0107 ze \u015bmierci\u0105 rodzic\u00f3w&#8221;.<\/p>","protected":false},"excerpt":{"rendered":"<p><strong>tytu\u0142:<\/strong> &#8222;Nie mog\u0119 przebrn\u0105\u0107 przez chaos&#8221;<\/p>\n<p><strong>autor:\u00a0<\/strong>Micha\u0142 Adamski<\/p>\n<p><strong>projekt: <\/strong>Katarzyna Kubicka<\/p>\n<p><strong>wydawnictwo:<\/strong> Micha\u0142 Adamski<\/p>\n<p><strong>miejsce wydania:<\/strong>\u00a0Pozna\u0144<\/p>\n<p><strong>format: <\/strong>136&#215;196 mm<\/p>\n<p><strong>ilo\u015b\u0107 stron:<\/strong> 48 stron, 21 zdj\u0119\u0107<\/p>\n<p><strong>nak\u0142ad: <\/strong>500\u00a0sztuk<\/p>\n<p><strong>j\u0119zyk:<\/strong>\u00a0polski\/angielski<\/p>\n<p><strong>ok\u0142adka:<\/strong>\u00a0twarda<\/p>","protected":false},"featured_media":23886,"template":"","meta":{"_monsterinsights_skip_tracking":false,"_monsterinsights_sitenote_active":false,"_monsterinsights_sitenote_note":"","_monsterinsights_sitenote_category":0},"product_brand":[],"product_cat":[174],"product_tag":[],"class_list":{"0":"post-23529","1":"product","2":"type-product","3":"status-publish","4":"has-post-thumbnail","6":"product_cat-wydawnictwo-pix-house","8":"first","9":"instock","10":"shipping-taxable","11":"purchasable","12":"product-type-simple"},"_links":{"self":[{"href":"https:\/\/pix.house\/en\/wp-json\/wp\/v2\/product\/23529","targetHints":{"allow":["GET"]}}],"collection":[{"href":"https:\/\/pix.house\/en\/wp-json\/wp\/v2\/product"}],"about":[{"href":"https:\/\/pix.house\/en\/wp-json\/wp\/v2\/types\/product"}],"wp:featuredmedia":[{"embeddable":true,"href":"https:\/\/pix.house\/en\/wp-json\/wp\/v2\/media\/23886"}],"wp:attachment":[{"href":"https:\/\/pix.house\/en\/wp-json\/wp\/v2\/media?parent=23529"}],"wp:term":[{"taxonomy":"product_brand","embeddable":true,"href":"https:\/\/pix.house\/en\/wp-json\/wp\/v2\/product_brand?post=23529"},{"taxonomy":"product_cat","embeddable":true,"href":"https:\/\/pix.house\/en\/wp-json\/wp\/v2\/product_cat?post=23529"},{"taxonomy":"product_tag","embeddable":true,"href":"https:\/\/pix.house\/en\/wp-json\/wp\/v2\/product_tag?post=23529"}],"curies":[{"name":"wp","href":"https:\/\/api.w.org\/{rel}","templated":true}]}}