{"id":34708,"date":"2021-01-20T17:34:25","date_gmt":"2021-01-20T16:34:25","guid":{"rendered":"https:\/\/pix.house\/?post_type=product&#038;p=34708"},"modified":"2024-02-10T16:33:23","modified_gmt":"2024-02-10T15:33:23","slug":"pod-maska-mariusz-forecki","status":"publish","type":"product","link":"https:\/\/pix.house\/en\/product\/pod-maska-mariusz-forecki\/","title":{"rendered":"POD MASK\u0104 | Mariusz Forecki"},"content":{"rendered":"<p style=\"text-align: justify;\">POD MASK\u0104 | Mariusz Forecki<\/p>\n<p class=\"p1\">Pandemia (gr. pan \u201ewszyscy\u201d, demos \u201elud\u201d) nazwa epidemii o szczeg\u00f3lnie du\u017cych rozmiarach, na du\u017cym obszarze, obejmuj\u0105cej kraje, a nawet kontynenty.<\/p>\n<p class=\"p1\">\/<a href=\"http:\/\/pl.wikipedia.org\"><span class=\"s1\">pl.wikipedia.org<\/span><\/a>, dost\u0119p 27.04.2021\/<\/p>\n<p><span style=\"font-weight: 400;\">Fotografie powsta\u0142y w Polsce pomi\u0119dzy majem 2020 a 2021 roku, w czasie trwania pandemii COVID-19, kiedy to swobody obywatelskie zosta\u0142y w du\u017cej cz\u0119\u015bci zawieszone, lub bardzo mocno ograniczone. W tym czasie w\u0142adza przeprowadzi\u0142a m.in. wybory prezydenckie, zaostrzy\u0142a, przy bardzo du\u017cym sprzeciwie spo\u0142ecznym, prawo do aborcji, przej\u0119\u0142a kilkaset lokalnych portali internetowych i gazet oraz podporz\u0105dkowa\u0142a sobie w du\u017cym stopniu ca\u0142y aparat pa\u0144stwa. Podobne dzia\u0142ania mo\u017cna by\u0142o zaobserwowa\u0107 w wielu krajach na ca\u0142ym \u015bwiecie.<\/span><\/p>","protected":false},"excerpt":{"rendered":"<p><strong>Tytu\u0142: <\/strong>POD MASK\u0104<\/p>\n<p><strong>Autor: <\/strong>Mariusz Forecki<span class=\"Apple-converted-space\">\u00a0<\/span><\/p>\n<p><strong>Projekt graficzny: <\/strong>dobosz.studio<\/p>\n<p><strong>Wydawca:<\/strong>\u00a0 PIX.HOUSE<\/p>\n<p><strong>Ok\u0142adka: <\/strong>mi\u0119kka, druk cyfrowy<\/p>\n<p class=\"p1\"><strong>Nak\u0142ad:<\/strong> 100<\/p>\n<p class=\"p1\">ISBN 978-83-961216-1-5<\/p>\n<div class=\"page\" title=\"Page 120\">\n<div class=\"layoutArea\">\n<div class=\"column\">\n<p>Ksi\u0105\u017cka powsta\u0142a dzi\u0119ki wsparciu Miasta Poznania, Urz\u0119du Marsza\u0142kowskiego Wojew\u00f3dztwa Wielkopolskiego\u00a0 oraz Izy i Mariusza Stolarskich.<\/p>\n<\/div>\n<\/div>\n<\/div>","protected":false},"featured_media":37325,"template":"","meta":{"_monsterinsights_skip_tracking":false,"_monsterinsights_sitenote_active":false,"_monsterinsights_sitenote_note":"","_monsterinsights_sitenote_category":0},"product_brand":[],"product_cat":[174],"product_tag":[],"class_list":{"0":"post-34708","1":"product","2":"type-product","3":"status-publish","4":"has-post-thumbnail","6":"product_cat-wydawnictwo-pix-house","8":"first","9":"instock","10":"shipping-taxable","11":"purchasable","12":"product-type-simple"},"_links":{"self":[{"href":"https:\/\/pix.house\/en\/wp-json\/wp\/v2\/product\/34708","targetHints":{"allow":["GET"]}}],"collection":[{"href":"https:\/\/pix.house\/en\/wp-json\/wp\/v2\/product"}],"about":[{"href":"https:\/\/pix.house\/en\/wp-json\/wp\/v2\/types\/product"}],"wp:featuredmedia":[{"embeddable":true,"href":"https:\/\/pix.house\/en\/wp-json\/wp\/v2\/media\/37325"}],"wp:attachment":[{"href":"https:\/\/pix.house\/en\/wp-json\/wp\/v2\/media?parent=34708"}],"wp:term":[{"taxonomy":"product_brand","embeddable":true,"href":"https:\/\/pix.house\/en\/wp-json\/wp\/v2\/product_brand?post=34708"},{"taxonomy":"product_cat","embeddable":true,"href":"https:\/\/pix.house\/en\/wp-json\/wp\/v2\/product_cat?post=34708"},{"taxonomy":"product_tag","embeddable":true,"href":"https:\/\/pix.house\/en\/wp-json\/wp\/v2\/product_tag?post=34708"}],"curies":[{"name":"wp","href":"https:\/\/api.w.org\/{rel}","templated":true}]}}